{"id":872,"date":"2016-02-11T18:06:52","date_gmt":"2016-02-11T17:06:52","guid":{"rendered":"http:\/\/new.sgs-sss.ch\/new\/en\/research-networks\/rechtssoziologie-und-rechtswirklichkeitsforschung\/"},"modified":"2016-04-18T16:43:28","modified_gmt":"2016-04-18T14:43:28","slug":"sociology-of-law","status":"publish","type":"page","link":"https:\/\/www.sgs-sss.ch\/en\/research-networks\/sociology-of-law\/","title":{"rendered":"Sociology of law"},"content":{"rendered":"\n<style type=\"text\/css\" data-created_by=\"avia_inline_auto\" id=\"style-css-av-av_section-fb37fa88fbca848c7e29aff3fecdfcf1\">\n.avia-section.av-av_section-fb37fa88fbca848c7e29aff3fecdfcf1{\nbackground-color:#ffffff;\nbackground-image:unset;\n}\n<\/style>\n<div id='av_section_1'  class='avia-section av-av_section-fb37fa88fbca848c7e29aff3fecdfcf1 main_color avia-section-default avia-no-shadow  avia-builder-el-0  avia-builder-el-no-sibling  avia-bg-style-scroll container_wrap fullsize'  ><div class='container av-section-cont-open' ><main  role=\"main\" itemprop=\"mainContentOfPage\"  class='template-page content  av-content-full alpha units'><div class='post-entry post-entry-type-page post-entry-872'><div class='entry-content-wrapper clearfix'>\n\n<style type=\"text\/css\" data-created_by=\"avia_inline_auto\" id=\"style-css-av-av_heading-4ce8a176a27c705a99bd7b06dcf2ef4c\">\n#top .av-special-heading.av-av_heading-4ce8a176a27c705a99bd7b06dcf2ef4c{\npadding-bottom:25px;\n}\nbody .av-special-heading.av-av_heading-4ce8a176a27c705a99bd7b06dcf2ef4c .av-special-heading-tag .heading-char{\nfont-size:25px;\n}\n.av-special-heading.av-av_heading-4ce8a176a27c705a99bd7b06dcf2ef4c .av-subheading{\nfont-size:15px;\n}\n<\/style>\n<div  class='av-special-heading av-av_heading-4ce8a176a27c705a99bd7b06dcf2ef4c av-special-heading-h2  avia-builder-el-1  el_before_av_one_full  avia-builder-el-first '><h2 class='av-special-heading-tag '  itemprop=\"headline\"  >RECHTSSSOZIOLOGIE UND RECHTSWIRKLICHKEITSFORSCHUNG<\/h2><div class=\"special-heading-border\"><div class=\"special-heading-inner-border\"><\/div><\/div><\/div>\n<div class='flex_column_table av-av_one_full-637497d8078788bf7892f1875f6d3165 sc-av_one_full av-equal-height-column-flextable'>\n<style type=\"text\/css\" data-created_by=\"avia_inline_auto\" id=\"style-css-av-av_one_full-637497d8078788bf7892f1875f6d3165\">\n.flex_column.av-av_one_full-637497d8078788bf7892f1875f6d3165{\nborder-radius:0px 0px 0px 0px;\npadding:20px 20px 20px 20px;\n}\n<\/style>\n<div  class='flex_column av-av_one_full-637497d8078788bf7892f1875f6d3165 av_one_full  avia-builder-el-2  el_after_av_heading  avia-builder-el-last  first no_margin flex_column_table_cell av-equal-height-column av-align-top  '     ><section  class='av_textblock_section av-av_textblock-0366cc7376be6c9e82a3e9cc8987b64f '   itemscope=\"itemscope\" itemtype=\"https:\/\/schema.org\/CreativeWork\" ><div class='avia_textblock'  itemprop=\"text\" ><blockquote>\n<h3><strong>Portrait \u00bb <\/strong><strong>Gr\u00fcndung<\/strong><\/h3>\n<p>Das Forschungskomitee Rechtssoziologie existiert im Rahmen der Schweizerischen Gesellschaft f\u00fcr Soziologie seit dem Jahre 2002. Im M\u00e4rz 2007 stimmt die SGS der Umbenennung in FK Rechtssoziologie und Rechtswirklichkeitsforschung zu. Die Umbenennung dr\u00fcckt den Wunsch des FK aus, die Grenzen der soziologischen Disziplin zu Gunsten einer transdisziplin\u00e4ren Arbeit auszuweiten.<\/p>\n<\/blockquote>\n<\/div><\/section><br \/>\n\n<style type=\"text\/css\" data-created_by=\"avia_inline_auto\" id=\"style-css-av-av_hr-bd84104f09c397338597807ab31c6aca\">\n#top .hr.hr-invisible.av-av_hr-bd84104f09c397338597807ab31c6aca{\nheight:15px;\n}\n<\/style>\n<div  class='hr av-av_hr-bd84104f09c397338597807ab31c6aca hr-invisible  avia-builder-el-4  el_after_av_textblock  el_before_av_toggle_container '><span class='hr-inner '><span class=\"hr-inner-style\"><\/span><\/span><\/div><br \/>\n<div  class='togglecontainer av-av_toggle_container-1c5f05ce43bbf21457da42746a25c01a  avia-builder-el-5  el_after_av_hr  avia-builder-el-last ' >\n<section class='av_toggle_section av-av_toggle-2ffc470ab900b670a91dca6008a1b0ba'  itemscope=\"itemscope\" itemtype=\"https:\/\/schema.org\/CreativeWork\" ><div role=\"tablist\" class=\"single_toggle\" data-tags=\"{All} \"  ><p id='toggle-toggle-id-1' data-fake-id='#toggle-id-1' class='toggler  activeTitle av-title-above '  itemprop=\"headline\"  role='tab' tabindex='0' aria-controls='toggle-id-1' data-slide-speed=\"200\" data-title=\"Zielsetzung\" data-title-open=\"\" data-aria_collapsed=\"Click to expand: Zielsetzung\" data-aria_expanded=\"Click to collapse: Zielsetzung\">Zielsetzung<span class=\"toggle_icon\"><span class=\"vert_icon\"><\/span><span class=\"hor_icon\"><\/span><\/span><\/p><div id='toggle-id-1' aria-labelledby='toggle-toggle-id-1' role='region' class='toggle_wrap  active_tc av-title-above' style='display:block;' ><div class='toggle_content invers-color '  itemprop=\"text\" ><p>Bis anhin ist in der Schweiz die Rechtssoziologie und die empirische Analyse der Rechtswirklichkeit in Forschung und Lehre wenig entwickelt. Das Forschungskomitee hat sich zum Ziel gesetzt, Rechtssoziologie und Rechtswirklichkeitsforschung in der Schweiz zu verankern. Es ist einem transdisziplin\u00e4ren Ansatz verpflichtet, insbesondere der Verbindung der Soziologie als nichtnormative Wissenschaft und der normativen Rechtswissenschaft.<\/p>\n<\/div><\/div><\/div><\/section>\n<section class='av_toggle_section av-av_toggle-318d373d6d85e250773e681ef05d576e'  itemscope=\"itemscope\" itemtype=\"https:\/\/schema.org\/CreativeWork\" ><div role=\"tablist\" class=\"single_toggle\" data-tags=\"{All} \"  ><p id='toggle-toggle-id-2' data-fake-id='#toggle-id-2' class='toggler  av-title-above '  itemprop=\"headline\"  role='tab' tabindex='0' aria-controls='toggle-id-2' data-slide-speed=\"200\" data-title=\"Gegenstandsbereich\" data-title-open=\"\" data-aria_collapsed=\"Click to expand: Gegenstandsbereich\" data-aria_expanded=\"Click to collapse: Gegenstandsbereich\">Gegenstandsbereich<span class=\"toggle_icon\"><span class=\"vert_icon\"><\/span><span class=\"hor_icon\"><\/span><\/span><\/p><div id='toggle-id-2' aria-labelledby='toggle-toggle-id-2' role='region' class='toggle_wrap  av-title-above'  ><div class='toggle_content invers-color '  itemprop=\"text\" ><p>Der wissenschaftliche Gegenstand des FK Rechtssoziologie und Rechtswirklichkeitsforschung umfasst folgende Teilbereiche und Fragestellungen der Soziologie und ihrer Nachbardisziplinen:<\/p>\n<ul>\n<li>Soziologie des Rechts<\/li>\n<li>Normentheorien<\/li>\n<li>Entstehung, Effizienz und Relevanz juristischer Normen<\/li>\n<li>Zugang zum Recht<\/li>\n<li>Kriminalsoziologie<\/li>\n<\/ul>\n<p>Folgender Rechtsbereiche werden bearbeitet:<\/p>\n<ul>\n<li>Strafrecht<\/li>\n<li>Recht des Gesundheitswesens<\/li>\n<li>Familienrecht<\/li>\n<li>Sozialrecht<\/li>\n<li>Staatsrecht<\/li>\n<li>Privatrecht<\/li>\n<li>\u00d6ffentliches Recht<\/li>\n<li>Rechtsetzung und -evaluation<\/li>\n<\/ul>\n<p>Das FK widmet sich s\u00e4mtlichen Gegenstandsbereichen der theoretischen Rechtssoziologie und der Rechtswirklichkeitsforschung (empirische Analyse der Rechtswirklichkeit). Es ist transdisziplin\u00e4r ausgerichtet.<\/p>\n<\/div><\/div><\/div><\/section>\n<section class='av_toggle_section av-av_toggle-cec5d1184f10a890b0ac7607460f4347'  itemscope=\"itemscope\" itemtype=\"https:\/\/schema.org\/CreativeWork\" ><div role=\"tablist\" class=\"single_toggle\" data-tags=\"{All} \"  ><p id='toggle-toggle-id-3' data-fake-id='#toggle-id-3' class='toggler  av-title-above '  itemprop=\"headline\"  role='tab' tabindex='0' aria-controls='toggle-id-3' data-slide-speed=\"200\" data-title=\" Bisherige Aktivit\u00e4ten\" data-title-open=\"\" data-aria_collapsed=\"Click to expand:  Bisherige Aktivit\u00e4ten\" data-aria_expanded=\"Click to collapse:  Bisherige Aktivit\u00e4ten\"> Bisherige Aktivit\u00e4ten<span class=\"toggle_icon\"><span class=\"vert_icon\"><\/span><span class=\"hor_icon\"><\/span><\/span><\/p><div id='toggle-id-3' aria-labelledby='toggle-toggle-id-3' role='region' class='toggle_wrap  av-title-above'  ><div class='toggle_content invers-color '  itemprop=\"text\" ><p>Die erste Veranstaltung aus dem Gr\u00fcndungskreis der Schweizer Rechtssoziologen war eine Tagung an der Universit\u00e4t Luzern mit dem Titel \u00abOrganisierte Kriminalit\u00e4t: Rechtsentwicklung und Praxis der Strafverfolgung\u00bb am 1. September 2000.<\/p>\n<p>Seit dem Jahr 2002 organisierte das Forschungskomitee Rechtssoziologie an den Jahreskongressen der SGS und an anderen rechtssoziologischen Kongressen eigenst\u00e4ndige Workshops.<\/p>\n<div  class='hr av-av_hr-7baa9936fe5691b53f4ae1c79d4cc23f hr-short  avia-builder-el-6  el_before_av_hr  avia-builder-el-first  hr-left'><span class='hr-inner '><span class=\"hr-inner-style\"><\/span><\/span><\/div>\n<blockquote>\n<p>Kongress \u201eRechtssoziologie und Rechtstatsachenforschung\u201c an der Universit\u00e4t Luzern, 13. Oktober 2006.<\/p>\n<\/blockquote>\n<div  class='hr av-av_hr-7baa9936fe5691b53f4ae1c79d4cc23f hr-short  avia-builder-el-7  el_after_av_hr  el_before_av_hr  hr-left'><span class='hr-inner '><span class=\"hr-inner-style\"><\/span><\/span><\/div>\n<blockquote>\n<p>&#8220;Wie wirkt Recht&#8221;, 1. Kongress der deutschsprachigen Rechtssoziologie-Vereinigungen, Luzern, 1.-3. September 2008.<br \/>\nHerausgabe von zwei Kongressb\u00e4nden, 2009 und 2010:<\/p>\n<ul style=\"padding-left: 30px;\">\n<li>Interdisziplin\u00e4re Rechtsforschung (2009):\u00a0 <a href=\"http:\/\/www.orlux-ag.ch\/?page_id=147\" target=\"_blank\">http:\/\/www.orlux-ag.ch<\/a><\/li>\n<li>Wie wirkt Recht? (2010): \u00a0<a href=\"http:\/\/www.nomos-shop.de\/trefferListe.aspx?q=wie+wirkt+recht&amp;action=search&amp;page=0\" target=\"_blank\">http:\/\/www.nomos-shop.de<\/a><\/li>\n<\/ul>\n<\/blockquote>\n<div  class='hr av-av_hr-7baa9936fe5691b53f4ae1c79d4cc23f hr-short  avia-builder-el-8  el_after_av_hr  el_before_av_hr  hr-left'><span class='hr-inner '><span class=\"hr-inner-style\"><\/span><\/span><\/div>\n<blockquote>\n<p>&#8220;Der Kampf ums Recht&#8221;, 2. Kongress der deutschsprachigen Rechtssoziologie-Vereinigungen, Wien, 1.-3. September 2011.<\/p>\n<ul style=\"padding-left: 30px;\">\n<li>Publizierte Abstracts: Der Kampf ums Recht (2011) <a href=\"http:\/\/www.orlux-ag.ch\/?page_id=420\" target=\"_blank\">http:\/\/www.orlux-ag.ch<\/a><\/li>\n<li>Kongressband: Der Kampf ums Recht. Akteure und Interessen im Blick der interdisziplin\u00e4ren Rechtsforschung. Beitr\u00e4ge zum 2. Kongress der deutschsprachigen Rechtssoziologischen Vereinigungen, Wien 2011, Beckenried, Wien 2012 (hg. von J. Estermann) <a href=\"http:\/\/www.orlux-ag.ch\/?page_id=449\" target=\"_blank\">http:\/\/www.orlux-ag.ch<\/a><\/li>\n<\/ul>\n<\/blockquote>\n<div  class='hr av-av_hr-7baa9936fe5691b53f4ae1c79d4cc23f hr-short  avia-builder-el-9  el_after_av_hr  el_before_av_hr  hr-left'><span class='hr-inner '><span class=\"hr-inner-style\"><\/span><\/span><\/div>\n<blockquote>\n<p>Rechtssoziologisches Panel am 3. Dreil\u00e4nderkongress &#8220;Neuer Strukturwandel der \u00d6ffentlichkeit&#8221; der DGS\/\u00d6GS\/SGS, Innsbruck, 29.09.-1.10. 2011.<\/p>\n<\/blockquote>\n<div  class='hr av-av_hr-7baa9936fe5691b53f4ae1c79d4cc23f hr-short  avia-builder-el-10  el_after_av_hr  el_before_av_hr  hr-left'><span class='hr-inner '><span class=\"hr-inner-style\"><\/span><\/span><\/div>\n<blockquote>\n<p>Workshop am SGS-Kongress, Juni 2013, Universit\u00e4t Bern.<\/p>\n<\/blockquote>\n<div  class='hr av-av_hr-7baa9936fe5691b53f4ae1c79d4cc23f hr-short  avia-builder-el-11  el_after_av_hr  avia-builder-el-last  hr-left'><span class='hr-inner '><span class=\"hr-inner-style\"><\/span><\/span><\/div>\n<blockquote>\n<p>Workshop an der Universit\u00e4t Z\u00fcrich im September 2013: Recht und \u00d6ffentlichkeit, Vormundschaftsrecht.<\/p>\n<\/blockquote>\n<\/div><\/div><\/div><\/section>\n<section class='av_toggle_section av-av_toggle-a92adea21a1a882b68a45d4231447b93'  itemscope=\"itemscope\" itemtype=\"https:\/\/schema.org\/CreativeWork\" ><div role=\"tablist\" class=\"single_toggle\" data-tags=\"{All} \"  ><p id='toggle-toggle-id-4' data-fake-id='#toggle-id-4' class='toggler  av-title-above '  itemprop=\"headline\"  role='tab' tabindex='0' aria-controls='toggle-id-4' data-slide-speed=\"200\" data-title=\" Geplante Aktivit\u00e4ten\" data-title-open=\"\" data-aria_collapsed=\"Click to expand:  Geplante Aktivit\u00e4ten\" data-aria_expanded=\"Click to collapse:  Geplante Aktivit\u00e4ten\"> Geplante Aktivit\u00e4ten<span class=\"toggle_icon\"><span class=\"vert_icon\"><\/span><span class=\"hor_icon\"><\/span><\/span><\/p><div id='toggle-id-4' aria-labelledby='toggle-toggle-id-4' role='region' class='toggle_wrap  av-title-above'  ><div class='toggle_content invers-color '  itemprop=\"text\" ><p>3. Kongress der deutschsprachigen Rechtssoziologie-Vereinigungen, Berlin, September 2015.<\/p>\n<p>Das FK Rechtssoziologie und Rechtswirklichkeitsforschung entwickelt folgende Aktivit\u00e4ten:<\/p>\n<ul>\n<li>Regelm\u00e4\u00dfige Mitgliederversammlungen<\/li>\n<li>\u00d6ffentliche akademische Veranstaltung<\/li>\n<li>Durchf\u00fchrung von Forschungsprojekten<\/li>\n<li>Information der Fach\u00f6ffentlichkeit und weiterer interessierter Kreise<\/li>\n<li>Weitere Aktivit\u00e4ten zur F\u00f6rderung der Rechtssoziologie<\/li>\n<\/ul>\n<p>Aktuell wird der dritte gemeinsame Kongress der deutschsprachigen rechtssoziologischen Gesellschaften im September 2015 an der HU Berlin vorbereitet.<\/p>\n<\/div><\/div><\/div><\/section>\n<section class='av_toggle_section av-av_toggle-00879135c3b4ffc92c558897e55294e9'  itemscope=\"itemscope\" itemtype=\"https:\/\/schema.org\/CreativeWork\" ><div role=\"tablist\" class=\"single_toggle\" data-tags=\"{All} \"  ><p id='toggle-toggle-id-5' data-fake-id='#toggle-id-5' class='toggler  av-title-above '  itemprop=\"headline\"  role='tab' tabindex='0' aria-controls='toggle-id-5' data-slide-speed=\"200\" data-title=\"Verantwortliche Personen\" data-title-open=\"\" data-aria_collapsed=\"Click to expand: Verantwortliche Personen\" data-aria_expanded=\"Click to collapse: Verantwortliche Personen\">Verantwortliche Personen<span class=\"toggle_icon\"><span class=\"vert_icon\"><\/span><span class=\"hor_icon\"><\/span><\/span><\/p><div id='toggle-id-5' aria-labelledby='toggle-toggle-id-5' role='region' class='toggle_wrap  av-title-above'  ><div class='toggle_content invers-color '  itemprop=\"text\" ><p>Zusammensetzung des Vorstandes:<\/p>\n<ul>\n<li>Josef Estermann, PD Dr. phil. habil., Dr. iur. (Pr\u00e4sident), Universit\u00e4t Z\u00fcrich, Soziologisches Institut, <a href=\"mailto:josef.estermann@uzh.ch\" target=\"_blank\">josef.estermann@uzh.ch<\/a><\/li>\n<li>Michelle Cottier, Ass.Prof. Dr. iur., MA, Universit\u00e4t Basel, <a href=\"mailto:michelle.cottier@unibas.ch\" target=\"_blank\">michelle.cottier@unibas.ch<\/a><\/li>\n<li>Rahel Zschokke, Dr. phil. Oerlikonerstrasse 25, 8057 Z\u00fcrich, <a href=\"mailto:r.zschokke@bluewin.ch\" target=\"_blank\">r.zschokke@bluewin.ch<\/a><\/li>\n<li>Boris Boller, Dr. phil., P\u00e4dagogische Hochschule Bern, <a href=\"mailto:boris.boller@bluewin.ch\" target=\"_blank\">boris.boller@bluewin.ch<\/a><\/li>\n<\/ul>\n<\/div><\/div><\/div><\/section>\n<section class='av_toggle_section av-av_toggle-fba86b0fc4eb94b7515b6d12f176c6c9'  itemscope=\"itemscope\" itemtype=\"https:\/\/schema.org\/CreativeWork\" ><div role=\"tablist\" class=\"single_toggle\" data-tags=\"{All} \"  ><p id='toggle-toggle-id-6' data-fake-id='#toggle-id-6' class='toggler  av-title-above '  itemprop=\"headline\"  role='tab' tabindex='0' aria-controls='toggle-id-6' data-slide-speed=\"200\" data-title=\"Kontaktadresse\" data-title-open=\"\" data-aria_collapsed=\"Click to expand: Kontaktadresse\" data-aria_expanded=\"Click to collapse: Kontaktadresse\">Kontaktadresse<span class=\"toggle_icon\"><span class=\"vert_icon\"><\/span><span class=\"hor_icon\"><\/span><\/span><\/p><div id='toggle-id-6' aria-labelledby='toggle-toggle-id-6' role='region' class='toggle_wrap  av-title-above'  ><div class='toggle_content invers-color '  itemprop=\"text\" ><p>Josef Estermann<br \/>\nPostfach 2740<br \/>\nCH-6002 Luzern<br \/>\n<a href=\"mailto:josef.estermann@uzh.ch\" target=\"_blank\">josef.estermann@uzh.ch<\/a><br \/>\nTel. +41 041 210 52 51<\/p>\n<\/div><\/div><\/div><\/section>\n<\/div><\/p><\/div><\/div><!--close column table wrapper. Autoclose: 1 -->\n","protected":false},"excerpt":{"rendered":"","protected":false},"author":1,"featured_media":0,"parent":853,"menu_order":0,"comment_status":"closed","ping_status":"closed","template":"","meta":{"footnotes":""},"class_list":["post-872","page","type-page","status-publish","hentry"],"_links":{"self":[{"href":"https:\/\/www.sgs-sss.ch\/en\/wp-json\/wp\/v2\/pages\/872","targetHints":{"allow":["GET"]}}],"collection":[{"href":"https:\/\/www.sgs-sss.ch\/en\/wp-json\/wp\/v2\/pages"}],"about":[{"href":"https:\/\/www.sgs-sss.ch\/en\/wp-json\/wp\/v2\/types\/page"}],"author":[{"embeddable":true,"href":"https:\/\/www.sgs-sss.ch\/en\/wp-json\/wp\/v2\/users\/1"}],"replies":[{"embeddable":true,"href":"https:\/\/www.sgs-sss.ch\/en\/wp-json\/wp\/v2\/comments?post=872"}],"version-history":[{"count":3,"href":"https:\/\/www.sgs-sss.ch\/en\/wp-json\/wp\/v2\/pages\/872\/revisions"}],"predecessor-version":[{"id":13234,"href":"https:\/\/www.sgs-sss.ch\/en\/wp-json\/wp\/v2\/pages\/872\/revisions\/13234"}],"up":[{"embeddable":true,"href":"https:\/\/www.sgs-sss.ch\/en\/wp-json\/wp\/v2\/pages\/853"}],"wp:attachment":[{"href":"https:\/\/www.sgs-sss.ch\/en\/wp-json\/wp\/v2\/media?parent=872"}],"curies":[{"name":"wp","href":"https:\/\/api.w.org\/{rel}","templated":true}]}}