{"id":13347,"date":"2018-10-31T16:54:13","date_gmt":"2018-10-31T15:54:13","guid":{"rendered":"https:\/\/www.sgs-sss.ch\/la-societe\/congres\/kongress-2017-in-zuerich\/"},"modified":"2019-11-20T17:33:11","modified_gmt":"2019-11-20T16:33:11","slug":"kongress-2017-in-zuerich","status":"publish","type":"page","link":"https:\/\/www.sgs-sss.ch\/fr\/la-societe\/congres\/kongress-2017-in-zuerich\/","title":{"rendered":"Congr\u00e8s 2017 \u00e0 Z\u00fcrich"},"content":{"rendered":"\n<style type=\"text\/css\" data-created_by=\"avia_inline_auto\" id=\"style-css-av-av_heading-509f7dd2a632e4dc19f1bf8200228c7d\">\n#top .av-special-heading.av-av_heading-509f7dd2a632e4dc19f1bf8200228c7d{\npadding-bottom:10px;\n}\nbody .av-special-heading.av-av_heading-509f7dd2a632e4dc19f1bf8200228c7d .av-special-heading-tag .heading-char{\nfont-size:25px;\n}\n.av-special-heading.av-av_heading-509f7dd2a632e4dc19f1bf8200228c7d .av-subheading{\nfont-size:15px;\n}\n<\/style>\n<div  class='av-special-heading av-av_heading-509f7dd2a632e4dc19f1bf8200228c7d av-special-heading-h1  avia-builder-el-0  el_before_av_one_half  avia-builder-el-first '><h1 class='av-special-heading-tag '  itemprop=\"headline\"  >Z\u00fcrich 2017<\/h1><div class=\"special-heading-border\"><div class=\"special-heading-inner-border\"><\/div><\/div><\/div>\n\n<style type=\"text\/css\" data-created_by=\"avia_inline_auto\" id=\"style-css-av-av_one_half-6126cab7d8fab8d08143dd2dacdf673c\">\n.flex_column.av-av_one_half-6126cab7d8fab8d08143dd2dacdf673c{\nborder-radius:0px 0px 0px 0px;\npadding:0px 0px 0px 0px;\n}\n<\/style>\n<div  class='flex_column av-av_one_half-6126cab7d8fab8d08143dd2dacdf673c av_one_half  avia-builder-el-1  el_after_av_heading  el_before_av_one_half  first flex_column_div av-zero-column-padding  '     ><style type=\"text\/css\" data-created_by=\"avia_inline_auto\" id=\"style-css-av-av_image-048f5a08f7326a01a87091740a0439d3\">\n.avia-image-container.av-av_image-048f5a08f7326a01a87091740a0439d3 img.avia_image{\nbox-shadow:none;\n}\n.avia-image-container.av-av_image-048f5a08f7326a01a87091740a0439d3 .av-image-caption-overlay-center{\ncolor:#ffffff;\n}\n<\/style>\n<div  class='avia-image-container av-av_image-048f5a08f7326a01a87091740a0439d3 av-styling- avia-align-left  avia-builder-el-2  avia-builder-el-no-sibling '   itemprop=\"image\" itemscope=\"itemscope\" itemtype=\"https:\/\/schema.org\/ImageObject\" ><div class=\"avia-image-container-inner\"><div class=\"avia-image-overlay-wrap\"><img decoding=\"async\" fetchpriority=\"high\" class='wp-image-12331 avia-img-lazy-loading-not-12331 avia_image ' src=\"https:\/\/www.sgs-sss.ch\/wp-content\/uploads\/2018\/05\/raemi_59_01_700px.png\" alt='' title='raemi_59_01_700px'  height=\"467\" width=\"700\"  itemprop=\"thumbnailUrl\" srcset=\"https:\/\/www.sgs-sss.ch\/wp-content\/uploads\/2018\/05\/raemi_59_01_700px.png 700w, https:\/\/www.sgs-sss.ch\/wp-content\/uploads\/2018\/05\/raemi_59_01_700px-300x200.png 300w, https:\/\/www.sgs-sss.ch\/wp-content\/uploads\/2018\/05\/raemi_59_01_700px-450x300.png 450w\" sizes=\"(max-width: 700px) 100vw, 700px\" \/><\/div><\/div><\/div><\/div>\n\n<style type=\"text\/css\" data-created_by=\"avia_inline_auto\" id=\"style-css-av-av_one_half-0aa7055fe62c3622faec82866afbaeb2\">\n.flex_column.av-av_one_half-0aa7055fe62c3622faec82866afbaeb2{\nborder-radius:0px 0px 0px 0px;\npadding:0px 0px 0px 0px;\n}\n<\/style>\n<div  class='flex_column av-av_one_half-0aa7055fe62c3622faec82866afbaeb2 av_one_half  avia-builder-el-3  el_after_av_one_half  el_before_av_hr  flex_column_div av-zero-column-padding  '     ><section  class='av_textblock_section av-av_textblock-0366cc7376be6c9e82a3e9cc8987b64f '   itemscope=\"itemscope\" itemtype=\"https:\/\/schema.org\/CreativeWork\" ><div class='avia_textblock'  itemprop=\"text\" ><blockquote>\n<h3><strong>Bienvenue au Congr\u00e8s de la Soci\u00e9t\u00e9 Suisse de Sociologie \u00e0 Z\u00fcrich<br \/>\n<\/strong><\/h3>\n<p><strong>Th\u00e8me:<\/strong> \u00ab\u00a0Bien commun et int\u00e9r\u00eat(s) individuel(s)\u00a0\u00bb<br \/>\n<strong>Date:<\/strong> 21. \u2013 23. Juin 2017<br \/>\n<strong>Lieu:<\/strong> Universit\u00e9 de Z\u00fcrich<\/p>\n<h3>Keynote Speakers:<\/h3>\n<p>\u00bb Dominique Joye<br \/>\n\u00bb Guillermina Jasso<br \/>\n\u00bb Hartmut Rosa<\/p>\n<p>\n<style type=\"text\/css\" data-created_by=\"avia_inline_auto\" id=\"style-css-av-av_font_icon-2449f3a20d650e42e2bde86fb911ac72\">\n.av_font_icon.av-av_font_icon-2449f3a20d650e42e2bde86fb911ac72{\ncolor:#7bb0e7;\nborder-color:#7bb0e7;\n}\n.avia-svg-icon.av-av_font_icon-2449f3a20d650e42e2bde86fb911ac72 svg:first-child{\nstroke:#7bb0e7;\nfill:#7bb0e7;\n}\n.av_font_icon.av-av_font_icon-2449f3a20d650e42e2bde86fb911ac72 .av-icon-char{\nfont-size:25px;\nline-height:25px;\n}\n<\/style>\n<span  class='av_font_icon av-av_font_icon-2449f3a20d650e42e2bde86fb911ac72 avia_animate_when_visible av-icon-style- avia-icon-pos-left avia-iconfont avia-font-entypo-fontello avia-icon-animate'><span class='av-icon-char' data-av_icon='\ue82d' data-av_iconfont='entypo-fontello' aria-hidden=\"true\" ><\/span><\/span><strong><a href=\"https:\/\/www.sgs-sss.ch\/wp-content\/uploads\/2018\/05\/Kongressprogramm_15.06.2017.pdf\">Aper\u00e7u d\u00e9taill\u00e9<\/a><\/strong><\/p>\n<p>\n<style type=\"text\/css\" data-created_by=\"avia_inline_auto\" id=\"style-css-av-av_font_icon-2449f3a20d650e42e2bde86fb911ac72\">\n.av_font_icon.av-av_font_icon-2449f3a20d650e42e2bde86fb911ac72{\ncolor:#7bb0e7;\nborder-color:#7bb0e7;\n}\n.avia-svg-icon.av-av_font_icon-2449f3a20d650e42e2bde86fb911ac72 svg:first-child{\nstroke:#7bb0e7;\nfill:#7bb0e7;\n}\n.av_font_icon.av-av_font_icon-2449f3a20d650e42e2bde86fb911ac72 .av-icon-char{\nfont-size:25px;\nline-height:25px;\n}\n<\/style>\n<span  class='av_font_icon av-av_font_icon-2449f3a20d650e42e2bde86fb911ac72 avia_animate_when_visible av-icon-style- avia-icon-pos-left avia-iconfont avia-font-entypo-fontello avia-icon-animate'><span class='av-icon-char' data-av_icon='\ue82d' data-av_iconfont='entypo-fontello' aria-hidden=\"true\" ><\/span><\/span><strong><a href=\"https:\/\/www.sgs-sss.ch\/wp-content\/uploads\/2018\/05\/Programmheft-f\u00fcr-Web.pdf\">Brochure du congr\u00e8s<\/a><\/strong><\/p>\n<\/blockquote>\n<\/div><\/section><\/div><div  class='hr av-av_hr-dcd2069817a0e3d34ae04cad8f3443c7 hr-default  avia-builder-el-7  el_after_av_one_half  el_before_av_toggle_container '><span class='hr-inner '><span class=\"hr-inner-style\"><\/span><\/span><\/div><\/p>\n<div  class='togglecontainer av-av_toggle_container-8812a63cbc37bcd0d66199109d348345  avia-builder-el-8  el_after_av_hr  el_before_av_hr ' >\n<section class='av_toggle_section av-av_toggle-098351dac5581879fd23341ff3e08d97'  itemscope=\"itemscope\" itemtype=\"https:\/\/schema.org\/CreativeWork\" ><div role=\"tablist\" class=\"single_toggle\" data-tags=\"{Tout} \"  ><p id='toggle-toggle-id-1' data-fake-id='#toggle-id-1' class='toggler  av-title-above '  itemprop=\"headline\"  role='tab' tabindex='0' aria-controls='toggle-id-1' data-slide-speed=\"200\" data-title=\"\u00c0 propos\" data-title-open=\"\" data-aria_collapsed=\"Cliquez pour \u00e9tendre : \u00c0 propos\" data-aria_expanded=\"Cliquez pour r\u00e9duire : \u00c0 propos\">\u00c0 propos<span class=\"toggle_icon\"><span class=\"vert_icon\"><\/span><span class=\"hor_icon\"><\/span><\/span><\/p><div id='toggle-id-1' aria-labelledby='toggle-toggle-id-1' role='region' class='toggle_wrap  av-title-above'  ><div class='toggle_content invers-color '  itemprop=\"text\" ><p>L&rsquo;Institut de la sociologie, Universit\u00e9 de Zurich organise sur mandat\u00a0de la <a href=\"https:\/\/www.sgs-sss.ch\/\">Soci\u00e9t\u00e9 suisse de Sociologie (SSS)<\/a> le congr\u00e8s \u00abbien commun et int\u00e9r\u00eat(s) individuel(s)\u00bb.<\/p>\n<h3 id=\"Th\u00e8me_du_congr\u00e8s:_Bien_commun_et_int\u00e9r\u00eat(s)_individuel(s)\">Th\u00e8me du congr\u00e8s: Bien commun et int\u00e9r\u00eat(s) individuel(s)<\/h3>\n<p>L\u2019articulation entre bien commun et int\u00e9r\u00eat individuel est un th\u00e8me fondateur de la sociologie car il touche de fa\u00e7on essentielle \u00e0 la coh\u00e9sion de la soci\u00e9t\u00e9. Comment cette coh\u00e9sion est-elle produite? Les normes sociales et la coop\u00e9ration r\u00e9sultent-elles de l\u2019action d\u2019acteurs individuels poursuivant leurs propres int\u00e9r\u00eat(s)? Ou l\u2019action des acteurs est-elle conditionn\u00e9e par la prise en consid\u00e9ration du bien commun? Comment le bien commun et l\u2019int\u00e9r\u00eat individuels se transmettent-ils et s\u2019acqui\u00e8rent-ils?<\/p>\n<p>Les r\u00e9ponses \u00e0 ces questions font l\u2019objet de d\u00e9bats vifs et r\u00e9currents, en sociologie comme dans les autres sciences sociales et, au-del\u00e0, en philosophie sociale. Diff\u00e9rentes perspectives th\u00e9oriques d\u00e9veloppent cette th\u00e9matique \u00e0 propos d\u2019objets et de domaines sociaux tr\u00e8s vari\u00e9s et cherchent \u00e0 expliquer un grand nombre de ph\u00e9nom\u00e8nes. Alors que les th\u00e9ories analytiques interrogent sur les m\u00e9canismes de constitution de l\u2019ordre social, de la coh\u00e9sion et des normes de coop\u00e9ration, la question des rapports entre les notions de bien commun et d\u2019int\u00e9r\u00eat(s) individuel(s) est centrale pour l\u2019histoire de la sociologie et des sciences sociales. En ce qui concerne l\u2019\u00e9tude des soci\u00e9t\u00e9s contemporaines, de nombreuses questions d\u2019actualit\u00e9s peuvent \u00eatre soulev\u00e9es \u00e0 partir de l\u2019intitul\u00e9 \u00ab\u00a0Bien commun et int\u00e9r\u00eat individuel\u00a0\u00bb dont nous ne donnons ici que quelques exemples\u00a0: dans des soci\u00e9t\u00e9s complexes et h\u00e9t\u00e9rog\u00e8nes,\u00a0 quelles sont les conditions pour que se forment des liens sociaux solidaires et que s\u2019\u00e9tablisse une soci\u00e9t\u00e9 civile dynamique? Comment les march\u00e9s peuvent-ils \u00eatre moralis\u00e9s? Comment s\u2019articulent bien commun et int\u00e9r\u00eat individuel dans le contexte des relations familiales, g\u00e9n\u00e9rationnelles et de genre? L\u2019accroissement des in\u00e9galit\u00e9s sociales dans de nombreux pays occidentaux questionne lui-aussi la compatibilit\u00e9 entre int\u00e9r\u00eats \u00e9conomiques particuliers et solidarit\u00e9 sociale, notamment en ce qui concerne les prestations de l\u2019Etat social et des formes de redistribution. Des interrogations identiques peuvent \u00eatre examin\u00e9es au niveau international et transnational, qu\u2019il s\u2019agisse par exemple des enjeux autour du d\u00e9veloppement de l\u2019Union europ\u00e9enne ou du positionnement des Etats nationaux face \u00e0 la \u00ab\u00a0crise des r\u00e9fugi\u00e9s\u00a0\u00bb. Le congr\u00e8s permettra de discuter et d\u2019approfondir aussi bien des perspectives th\u00e9oriques diff\u00e9renci\u00e9es autour de ces tensions entre bien commun et int\u00e9r\u00eat individuel qu\u2019une large palette de th\u00e9matiques cibl\u00e9es.<\/p>\n<h3 id=\"Comit\u00e9_d&amp;#039;organisation\">Comit\u00e9 d&rsquo;organisation<\/h3>\n<p>Peter-Ulrich Merz-Benz, Gisela Pfister, Klaus Preisner, Heiko Rauhut, J\u00f6rg R\u00f6ssel, Katja Rost, Marc Szydlik,\u00a0Claudia Hiestand, Nicholas Arnold, Pia Fleischlin.<\/p>\n<\/div><\/div><\/div><\/section>\n<section class='av_toggle_section av-av_toggle-90c55c9045fd44074bceec456584cbbe'  itemscope=\"itemscope\" itemtype=\"https:\/\/schema.org\/CreativeWork\" ><div role=\"tablist\" class=\"single_toggle\" data-tags=\"{Tout} \"  ><p id='toggle-toggle-id-2' data-fake-id='#toggle-id-2' class='toggler  av-title-above '  itemprop=\"headline\"  role='tab' tabindex='0' aria-controls='toggle-id-2' data-slide-speed=\"200\" data-title=\"Keynotes\" data-title-open=\"\" data-aria_collapsed=\"Cliquez pour \u00e9tendre : Keynotes\" data-aria_expanded=\"Cliquez pour r\u00e9duire : Keynotes\">Keynotes<span class=\"toggle_icon\"><span class=\"vert_icon\"><\/span><span class=\"hor_icon\"><\/span><\/span><\/p><div id='toggle-id-2' aria-labelledby='toggle-toggle-id-2' role='region' class='toggle_wrap  av-title-above'  ><div class='toggle_content invers-color '  itemprop=\"text\" ><div class=\"mod mod-text skin-text-basics\">\n<h2>Prof. Dr. Dominique Joye, University of Lausanne<\/h2>\n<div>\n<dl class=\"media photo large \">\n<dt><img decoding=\"async\" class=\"alignleft\" src=\"http:\/\/www.sgs-kongress2017.uzh.ch\/dam\/jcr:d7726a70-7d60-46a4-8ea7-a9a2f84f2cfb\/joye_web.jpg\" alt=\"Joye\" \/><\/dt>\n<\/dl>\n<div><\/div>\n<\/div>\n<\/div>\n<div class=\"mod mod-text skin-text-basics\">\n<h3>Keynote Speech \u2013 Social Mobility and the Promise of Liberal Societies<\/h3>\n<div>\n<div>\n<p><em><span class=\"attention\">Wednesday, June\u00a021st 2017, 16.15\u201317.00 h, KOH-B-10 (KOL)<\/span><\/em><\/p>\n<\/div>\n<\/div>\n<\/div>\n<div class=\"mod mod-text skin-text-basics\">\n<div>\n<div>\n<p>Social mobility is a long-standing and central chapter for the analysis of social stratification and inequalities\u00a0:\u00a0 for at least a century, the question has been constant. Since, by contrast to models that put forth the heritage of positions, most authors argue that a society is fair as far as the place of everybody is given by his own qualities. Therefore, the question of the \u201ctransmission of qualities\u201d in a given society and the mechanisms behind this, becomes central. This is even more challenging in a \u201cchanging world\u201d, which means that it is impossible to speak about social mobility without thinking about social change.<\/p>\n<p>In this contribution, we propose the exploration of three lines within this general framework:<\/p>\n<p>In a first step, when discussing social mobility, it is important to remember that we speak of a movement from one point to another in the social space. Some authors even mention the idea of \u201cballistic mobility\u201d to describe such studies. It could be independently interesting to describe the path, not only the starting and ending points; that means that we must be able to assess the properties of of the social space all along the social mobility process. If a system is stable, we can suppose that these positions in the social spaces are similar. However, if a society evolves strongly and rapidly, the categories used in order to measure social position and mobility in the social space are, by themselves, revealing social challenges. In other words, this first part will be dedicated to social change.<\/p>\n<p>In a second step, we can confront these social changes with a discussion about the permanence of inequalities. Twenty-five years ago, Erikson and Goldthorpe were insisting on the \u201cconstant flux\u201d between class positions, even if some other authors were simultaneously advocating the \u201cdeath of classes\u201d. A careful examination of the international data available show, nevertheless, strong tendencies toward the persistance of social inequalities and social barriers&#8211;in other words, the permanence of an inequality system in most western countries.<\/p>\n<p>In order to go further in the explanation of these long-term social characteristics, taking into account social change and stability, we propose to return to the notion of \u201ccapital\u201d and its use in the description of the social inequalities. From one side, it is a way to better consider social resources of the individuals and, at the same time, it is a way to better contextualize the context of our societies. From this perspective, we will develop the concept of social capital in line with the work of Nan Lin and colleagues. In particular, we will discuss the importance of implementing empirical tools in international surveys, beginning with the ISSP 2017 module, in order to promote the value of such an approach.<\/p>\n<\/div>\n<\/div>\n<\/div>\n<div class=\"mod mod-text skin-text-basics\">\n<h3 class=\"toggle\">Biography<\/h3>\n<div>\n<div>\n<p>After studying political sciences at the University of Geneva (PhD in 1984 on the political geography of Swiss referendums between 1920 and 1980), Dominique Joye has worked in the field of urban sociology and local studies at the Federal Institute of Technology in Lausanne, publishing among others Andersson, Harri, Jorgensen Gertrud, Joye Dominique, and Ostendorf Wim (Eds.). 2001. Change and Stability in Urban Europe: Form, Quality and Governance. Ashbury: Ashgate, or Bassand Michel, Kaufmann Vincent, Joye Dominique, eds. 2001. Enjeux de la sociologie urbaine. Lausanne: Presses polytechniques et universitaires romandes, second edition updated and augmented 2007.<\/p>\n<p>At the same time, he teaches methodology for the social sciences at the University of Geneva (FAPSE, 1988-1992) and at the University of Lausanne (1994-1997). He works also on social stratification: Levy, Rene, and Dominique Joye. 1994. \u00ab\u00a0What is Switzerland&rsquo;s stratification like: Classes, Prestige, Gradation, Professional Categories?\u00a0\u00bb International Sociology 9:313-335 and elaborates a definition of socio-professional categories for the Swiss Statistical Office. He has also put a special attention to the link between spatial and social forms of social mobility.<\/p>\n<p>From 1999, and until 2006, he was director of the SIDOS, the Swiss data archive, and associate professor of methodology for the social sciences at the University of Neuch\u00e2tel.<\/p>\n<p>From October 2006, he is professor of Sociology at the University of Lausane, with specialisation in stratification and research methodology. In collaboration with FORS, he is currently working on the implementation and analysis of international survey in Switzerland (ISSP (Swiss Representative, since 2000), ESS (National coordinator 2002-2010), EVS (National director 2008, member of the Executive Committee since 2010)) with a strong emphasis on the question of quality in the surveys. He represented Switzerland in the QMSS initiative of the ESF (Quantitative Methods for the Social Sciences, 2003-2007 and 2008-2011) and has taught with Cristof Wolf and Tom Smith at the first GESIS summer School in 2012. In 2013 he was elected chair of the Methodological committee of the ISSP and to the methodological advisory board of the European Social Survey in 2014. He is also one editor (with Christof Wolf, Tom Smith and Yang-chih Fu) of the Sage Handbook of Survey Methodology, published last year.<\/p>\n<p>He has kept nevertheless an interest in the questions of inequalities and transformation of the social structure according to context and life course issues (Joye Dominique, Bergman Manfred Max, Lambert Paul. 2003. Inter-generational Educational and Social Mobility in Switzerland. Swiss Journal of Sociology 29: 263-91 or Julie Falcon &amp; Dominique Joye, Formation et mobilit\u00e9 sociale en Suisse in G. Felouzis &amp; G. Goastellec, Les in\u00e9galit\u00e9s scolaire en Suisse, Lang, 2015), as well as monitoring of social change in Switzerland (Swiss Social Report 2004, 2008, 2012 and 2016, with various colleagues, Seismo, Zurich). He is member of the NCCR Lives (http:\/\/www.lives-nccr.ch\/) and developed recently a new strand in order to study social networks in relation with life-course and inequalities.<\/p>\n<hr \/>\n<\/div>\n<\/div>\n<\/div>\n<div class=\"mod mod-text skin-text-basics\">\n<h2><\/h2>\n<h2><\/h2>\n<h2><\/h2>\n<h2>Prof. Dr. Guillermina Jasso, New York University<\/h2>\n<div>\n<dl class=\"media photo large \">\n<dt><img decoding=\"async\" class=\"alignleft\" src=\"http:\/\/www.sgs-kongress2017.uzh.ch\/dam\/jcr:eb24215b-70ee-4aa1-9f1d-42dfe2e80c0b\/jasso_web.jpg\" alt=\"Jasso\" \/><\/dt>\n<\/dl>\n<div><\/div>\n<\/div>\n<\/div>\n<div class=\"mod mod-text skin-text-basics\">\n<h3>Keynote Speech \u2013 Common Good, Self-Interest, and the Sense of Justice<\/h3>\n<div>\n<div>\n<p><em><span class=\"attention\">Thursday, June 22nd 2017, 18.15\u201319.00 h, KOH-B-10 (KOL)<\/span><\/em><\/p>\n<p>This work uses ideas and tools from a variety of scholarly traditions to propose new theoretical and empirical links between self-interest and the common good, exploring the part played in those links by social location, income distributions and their shapes and inequality, and the sense of justice.<\/p>\n<\/div>\n<\/div>\n<\/div>\n<div class=\"mod mod-text skin-text-basics\">\n<h3>Biography<\/h3>\n<div>\n<div>\n<p>Guillermina Jasso (PhD, Johns Hopkins) is Silver Professor and Professor of Sociology at New York University.\u00a0 She has written extensively on basic sociobehavioral theory, distributive justice, status, international migration, inequality, probability distributions, mathematical methods for theoretical analysis, and factorial survey methods for empirical analysis.\u00a0 Professor Jasso is an elected member\/fellow of the Johns Hopkins Society of Scholars, the Sociological Research Association, and the American Association for the Advancement of Science.\u00a0 Two of her articles have won awards, and she recently won the Paul F. Lazarsfeld Award given by the Methodology Section of the American Sociological Association for a career of scholarship in sociological methodology.<\/p>\n<hr \/>\n<\/div>\n<\/div>\n<\/div>\n<div class=\"mod mod-text skin-text-basics\">\n<h2><\/h2>\n<h2><\/h2>\n<h2><\/h2>\n<h2>Prof. Dr. Hartmut Rosa, Friedrich-Schiller-University Jena<\/h2>\n<div>\n<dl class=\"media photo large \">\n<dt><img decoding=\"async\" class=\"alignleft\" src=\"http:\/\/www.sgs-kongress2017.uzh.ch\/dam\/jcr:55c168fc-112a-4e37-a78e-3de2ae4b6780\/rosa_web.jpg\" alt=\"Rosa\" \/><\/dt>\n<\/dl>\n<div><\/div>\n<\/div>\n<\/div>\n<div class=\"mod mod-text skin-text-basics\">\n<h3>Keynote Speech \u2013 Resonance. A New Perspective on the Old Problem of Self Interest vs. the Common Good<\/h3>\n<div>\n<div>\n<p><em><span class=\"attention\">Friday, June 23rd, 11.45\u201312.30 h, KOH-B-10 (KOL)<\/span><\/em><\/p>\n<p>On first glance, obviously, an orientation towards the common good and self-interest are opposed attitudes, vaguely corresponding with altruistic resp. egoistic values. Against this assumption, there is a long-standing philosophical and economic tradition trying to prove that an orientation towards the common good is in fact compatible with, or even identical with, an enlightened, prudential, long-term conception of self-interest. The keynote tries to replace the dichotomic conceptions of self-interest\/common good and egoism\/altruism with an alternative account locating the crucial difference in the opposition between an (individual or collective) orientation towards securing resources and increasing the horizon of the available, the attainable and the accessible (\u2018Triple A orientation towards the Good Life\u2019), and an orientation geared towards establishing axes of (social, material and vertical) resonance (\u2018Resonance Conception of the Good Life\u2019). The claim is that both these orientations, though mutually incompatible, are strongly effective in modern culture and modern society. With this move, drawing on the earlier versions of Critical Theory, the conceptions of self-interest and the common good are transformed in a way that allows for new possibilities of convergence.<\/p>\n<\/div>\n<\/div>\n<\/div>\n<div class=\"mod mod-text skin-text-basics\">\n<h3>Biography<\/h3>\n<div>\n<div>\n<p>Hartmut Rosa is Professor of Sociology and Social Theory at Friedrich-Schiller-University in Jena, Germany and Director of the Max-Weber-Kolleg at the University of Erfurt. He also is an Affiliated Professor at the Department of Sociology, New School for Social Research, New York. In 1997, he received his PhD in Political Science from Humboldt-University in Berlin. After that, he held teaching positions at the universities of Mannheim, Jena, Augsburg and Essen and served as Vice-President and General Secretary for Research Committee 35 (COCTA) of ISA and as one of the directors of the Annual International Conference on Philosophy and the Social Sciences in Prague. In 2016, he was a visiting professor at the FMSH\/EHESS in Paris. He is editor of the international journal Time and Society. His publications focus on Social Acceleration, Resonance and the Temporal Structures of Modernity as well as the Political Theory of Communitarianism.<\/p>\n<\/div>\n<\/div>\n<\/div>\n<\/div><\/div><\/div><\/section>\n<section class='av_toggle_section av-av_toggle-7f36e3849fb45f744f6311fefcd83ecb'  itemscope=\"itemscope\" itemtype=\"https:\/\/schema.org\/CreativeWork\" ><div role=\"tablist\" class=\"single_toggle\" data-tags=\"{Tout} \"  ><p id='toggle-toggle-id-3' data-fake-id='#toggle-id-3' class='toggler  av-title-above '  itemprop=\"headline\"  role='tab' tabindex='0' aria-controls='toggle-id-3' data-slide-speed=\"200\" data-title=\"Sponsors \/ Exposants\" data-title-open=\"\" data-aria_collapsed=\"Cliquez pour \u00e9tendre : Sponsors \/ Exposants\" data-aria_expanded=\"Cliquez pour r\u00e9duire : Sponsors \/ Exposants\">Sponsors \/ Exposants<span class=\"toggle_icon\"><span class=\"vert_icon\"><\/span><span class=\"hor_icon\"><\/span><\/span><\/p><div id='toggle-id-3' aria-labelledby='toggle-toggle-id-3' role='region' class='toggle_wrap  av-title-above'  ><div class='toggle_content invers-color '  itemprop=\"text\" ><p>Nous voulons remercier nos sponsors, sans lesquels l&rsquo;organisation du Congr\u00e8s SSS ne serait pas possible, de leur soutien.<\/p>\n<p><strong>Acad\u00e9mie suisse des sciences humaines et sociales<\/strong><\/p>\n<p><a href=\"http:\/\/www.sagw.ch\">http:\/\/www.sagw.ch<\/a><\/p>\n<p><strong>Fonds National Suisse de la Recherche<\/strong><\/p>\n<p><a href=\"http:\/\/www.snf.ch\">http:\/\/www.snf.ch<\/a><\/p>\n<p><strong>Universit\u00e9 de Z\u00fcrich<\/strong><\/p>\n<p><a href=\"http:\/\/www.uzh.ch\">http:\/\/www.uzh.ch<strong>\u00a0<\/strong><\/a><\/p>\n<p><strong>Hochschulstiftung<\/strong><\/p>\n<p><a href=\"http:\/\/www.prof.uzh.ch\/de\/hochschulstiftung\">http:\/\/www.prof.uzh.ch\/de\/hochschulstiftung<\/a><\/p>\n<p><strong>Ville de Zurich<\/strong><\/p>\n<p><a href=\"https:\/\/www.stadt-zuerich.ch\">https:\/\/www.stadt-zuerich.ch<\/a><\/p>\n<p><strong>Canton de Zurich<\/strong><\/p>\n<p><a href=\"https:\/\/www.zh.ch\">https:\/\/www.zh.ch<\/a><\/p>\n<p><strong>Fors<\/strong><\/p>\n<p><a href=\"http:\/\/forscenter.ch\">http:\/\/forscenter.ch<\/a><\/p>\n<p><strong>Audiotranskription.de<\/strong><\/p>\n<p><a href=\"http:\/\/www.audiotranskription.de\">http:\/\/www.audiotranskription.de<\/a><\/p>\n<p><strong>Leibniz-Institut f\u00fcr Bildungsverl\u00e4ufe e.V.<\/strong><\/p>\n<p><a href=\"https:\/\/www.lifbi.de\">https:\/\/www.lifbi.de<\/a><\/p>\n<p><strong>Maxqda<\/strong><\/p>\n<p><a href=\"http:\/\/www.maxqda.com\">http:\/\/www.maxqda.com<\/a><\/p>\n<p><strong>Seismo-Verlag<\/strong><\/p>\n<p><a href=\"https:\/\/www.seismoverlag.ch\">https:\/\/www.seismoverlag.ch<\/a><\/p>\n<p><strong>Waxmann-Verlag<\/strong><\/p>\n<p><a href=\"https:\/\/www.waxmann.com\">https:\/\/www.waxmann.com<\/a><\/p>\n<p><strong>Nomos-Verlag<\/strong><\/p>\n<p><a href=\"http:\/\/www.nomos.de\">http:\/\/www.nomos.de<\/a><\/p>\n<p><strong>Transcript-Verlag<\/strong><\/p>\n<p><a href=\"http:\/\/www.transcript-verlag.de\/\">http:\/\/www.transcript-verlag.de\/<\/a><\/p>\n<p><strong>VS\/Springer-Verlag<\/strong><\/p>\n<p><a href=\"http:\/\/www.springer.com\/\">http:\/\/www.springer.com<\/a><\/p>\n<\/div><\/div><\/div><\/section>\n<section class='av_toggle_section av-av_toggle-5f203e3e9e7f4de2ebbbb93174273f2f'  itemscope=\"itemscope\" itemtype=\"https:\/\/schema.org\/CreativeWork\" ><div role=\"tablist\" class=\"single_toggle\" data-tags=\"{Tout} \"  ><p id='toggle-toggle-id-4' data-fake-id='#toggle-id-4' class='toggler  av-title-above '  itemprop=\"headline\"  role='tab' tabindex='0' aria-controls='toggle-id-4' data-slide-speed=\"200\" data-title=\"Keynote Slides\" data-title-open=\"\" data-aria_collapsed=\"Cliquez pour \u00e9tendre : Keynote Slides\" data-aria_expanded=\"Cliquez pour r\u00e9duire : Keynote Slides\">Keynote Slides<span class=\"toggle_icon\"><span class=\"vert_icon\"><\/span><span class=\"hor_icon\"><\/span><\/span><\/p><div id='toggle-id-4' aria-labelledby='toggle-toggle-id-4' role='region' class='toggle_wrap  av-title-above'  ><div class='toggle_content invers-color '  itemprop=\"text\" ><p><a href=\"https:\/\/www.sgs-sss.ch\/wp-content\/uploads\/2018\/05\/Jasso_Guillerminna_SGS2017.pdf\">Jasso Guillerminna<\/a><\/p>\n<p><a href=\"https:\/\/www.sgs-sss.ch\/wp-content\/uploads\/2018\/05\/Rosa_Hartmut_SGS2017.pdf\">Rosa Hartmut<\/a><\/p>\n<\/div><\/div><\/div><\/section>\n<\/div>\n\n<style type=\"text\/css\" data-created_by=\"avia_inline_auto\" id=\"style-css-av-av_hr-bd84104f09c397338597807ab31c6aca\">\n#top .hr.hr-invisible.av-av_hr-bd84104f09c397338597807ab31c6aca{\nheight:15px;\n}\n<\/style>\n<div  class='hr av-av_hr-bd84104f09c397338597807ab31c6aca hr-invisible  avia-builder-el-9  el_after_av_toggle_container  el_before_av_heading '><span class='hr-inner '><span class=\"hr-inner-style\"><\/span><\/span><\/div>\n\n<style type=\"text\/css\" data-created_by=\"avia_inline_auto\" id=\"style-css-av-av_heading-a28c3f430d752e7383a5d9ab123d19f4\">\n#top .av-special-heading.av-av_heading-a28c3f430d752e7383a5d9ab123d19f4{\npadding-bottom:10px;\n}\nbody .av-special-heading.av-av_heading-a28c3f430d752e7383a5d9ab123d19f4 .av-special-heading-tag .heading-char{\nfont-size:25px;\n}\n.av-special-heading.av-av_heading-a28c3f430d752e7383a5d9ab123d19f4 .av-subheading{\nfont-size:15px;\n}\n<\/style>\n<div  class='av-special-heading av-av_heading-a28c3f430d752e7383a5d9ab123d19f4 av-special-heading-h3  avia-builder-el-10  el_after_av_hr  el_before_av_one_half '><h3 class='av-special-heading-tag '  itemprop=\"headline\"  >R\u00e9trospective du Congr\u00e8s<\/h3><div class=\"special-heading-border\"><div class=\"special-heading-inner-border\"><\/div><\/div><\/div>\n\n<style type=\"text\/css\" data-created_by=\"avia_inline_auto\" id=\"style-css-av-av_one_half-6126cab7d8fab8d08143dd2dacdf673c\">\n.flex_column.av-av_one_half-6126cab7d8fab8d08143dd2dacdf673c{\nborder-radius:0px 0px 0px 0px;\npadding:0px 0px 0px 0px;\n}\n<\/style>\n<div  class='flex_column av-av_one_half-6126cab7d8fab8d08143dd2dacdf673c av_one_half  avia-builder-el-11  el_after_av_heading  el_before_av_one_half  first flex_column_div av-zero-column-padding  '     ><p><section  class='av_textblock_section av-av_textblock-0366cc7376be6c9e82a3e9cc8987b64f '   itemscope=\"itemscope\" itemtype=\"https:\/\/schema.org\/CreativeWork\" ><div class='avia_textblock'  itemprop=\"text\" ><p>Jour 1: Salutation, discours d&rsquo;ouverture et keynote speech<\/p>\n<\/div><\/section><br \/>\n<div  class='avia-video av-av_video-9630bc6839e8a9cecaf9e803f973107f avia-video-16-9 av-no-preview-image avia-video-load-always avia-video-html5'  itemprop=\"video\" itemtype=\"https:\/\/schema.org\/VideoObject\"  data-original_url='https:\/\/tube.switch.ch\/download\/video\/fc6d8b43.mp4'><video class='avia_video'    preload=\"auto\"  controls id='player_13347_636504805_1509387312'><source src='https:\/\/tube.switch.ch\/download\/video\/fc6d8b43.mp4' type='video\/mp4' \/><\/video><\/div><\/p><\/div>\n<style type=\"text\/css\" data-created_by=\"avia_inline_auto\" id=\"style-css-av-av_one_half-0aa7055fe62c3622faec82866afbaeb2\">\n.flex_column.av-av_one_half-0aa7055fe62c3622faec82866afbaeb2{\nborder-radius:0px 0px 0px 0px;\npadding:0px 0px 0px 0px;\n}\n<\/style>\n<div  class='flex_column av-av_one_half-0aa7055fe62c3622faec82866afbaeb2 av_one_half  avia-builder-el-14  el_after_av_one_half  el_before_av_one_half  flex_column_div av-zero-column-padding  '     ><p><section  class='av_textblock_section av-av_textblock-0366cc7376be6c9e82a3e9cc8987b64f '   itemscope=\"itemscope\" itemtype=\"https:\/\/schema.org\/CreativeWork\" ><div class='avia_textblock'  itemprop=\"text\" ><p>Jour 1: Table ronde \u00ab\u00a0Braucht die Schweiz mehr Gemeinwohlorientierung?\u00a0\u00bb<\/p>\n<\/div><\/section><br \/>\n<div  class='avia-video av-av_video-c0a11cd072c17e80cc52b1dbcecf9343 avia-video-16-9 av-no-preview-image avia-video-load-always avia-video-html5'  itemprop=\"video\" itemtype=\"https:\/\/schema.org\/VideoObject\"  data-original_url='https:\/\/tube.switch.ch\/download\/video\/7b1001ba.mp4'><video class='avia_video'    preload=\"auto\"  controls id='player_13347_442871213_940786218'><source src='https:\/\/tube.switch.ch\/download\/video\/7b1001ba.mp4' type='video\/mp4' \/><\/video><\/div><\/p><\/div>\n<style type=\"text\/css\" data-created_by=\"avia_inline_auto\" id=\"style-css-av-av_one_half-6126cab7d8fab8d08143dd2dacdf673c\">\n.flex_column.av-av_one_half-6126cab7d8fab8d08143dd2dacdf673c{\nborder-radius:0px 0px 0px 0px;\npadding:0px 0px 0px 0px;\n}\n<\/style>\n<div  class='flex_column av-av_one_half-6126cab7d8fab8d08143dd2dacdf673c av_one_half  avia-builder-el-17  el_after_av_one_half  el_before_av_one_half  first flex_column_div av-zero-column-padding  column-top-margin'     ><p><section  class='av_textblock_section av-av_textblock-0366cc7376be6c9e82a3e9cc8987b64f '   itemscope=\"itemscope\" itemtype=\"https:\/\/schema.org\/CreativeWork\" ><div class='avia_textblock'  itemprop=\"text\" ><p>Jour 2: Keynote speech \u00ab\u00a0Common Good, Self-Interest and the Sense of Justice\u00a0\u00bb<\/p>\n<\/div><\/section><br \/>\n<div  class='avia-video av-av_video-aec934649f4bfaf158354429bfffd4f4 avia-video-16-9 av-no-preview-image avia-video-load-always avia-video-html5'  itemprop=\"video\" itemtype=\"https:\/\/schema.org\/VideoObject\"  data-original_url='https:\/\/tube.switch.ch\/download\/video\/2dffc257.mp4'><video class='avia_video'    preload=\"auto\"  controls id='player_13347_1681806280_1370781456'><source src='https:\/\/tube.switch.ch\/download\/video\/2dffc257.mp4' type='video\/mp4' \/><\/video><\/div><\/p><\/div>\n<style type=\"text\/css\" data-created_by=\"avia_inline_auto\" id=\"style-css-av-av_one_half-0aa7055fe62c3622faec82866afbaeb2\">\n.flex_column.av-av_one_half-0aa7055fe62c3622faec82866afbaeb2{\nborder-radius:0px 0px 0px 0px;\npadding:0px 0px 0px 0px;\n}\n<\/style>\n<div  class='flex_column av-av_one_half-0aa7055fe62c3622faec82866afbaeb2 av_one_half  avia-builder-el-20  el_after_av_one_half  avia-builder-el-last  flex_column_div av-zero-column-padding  column-top-margin'     ><p><section  class='av_textblock_section av-av_textblock-0366cc7376be6c9e82a3e9cc8987b64f '   itemscope=\"itemscope\" itemtype=\"https:\/\/schema.org\/CreativeWork\" ><div class='avia_textblock'  itemprop=\"text\" ><p>Jour 3: Keynote speech \u00ab\u00a0Resonance and the Common Good\u00a0\u00bb<\/p>\n<\/div><\/section><br \/>\n<div  class='avia-video av-av_video-45129311480dc71da01e0967914ac6f5 avia-video-16-9 av-no-preview-image avia-video-load-always avia-video-html5'  itemprop=\"video\" itemtype=\"https:\/\/schema.org\/VideoObject\"  data-original_url='https:\/\/tube.switch.ch\/download\/video\/15013252.mp4'><video class='avia_video'    preload=\"auto\"  controls id='player_13347_594557719_1994408443'><source src='https:\/\/tube.switch.ch\/download\/video\/15013252.mp4' type='video\/mp4' \/><\/video><\/div><\/p><\/div><\/p>\n","protected":false},"excerpt":{"rendered":"","protected":false},"author":63,"featured_media":0,"parent":578,"menu_order":3,"comment_status":"closed","ping_status":"closed","template":"","meta":{"footnotes":""},"class_list":["post-13347","page","type-page","status-publish","hentry"],"_links":{"self":[{"href":"https:\/\/www.sgs-sss.ch\/fr\/wp-json\/wp\/v2\/pages\/13347","targetHints":{"allow":["GET"]}}],"collection":[{"href":"https:\/\/www.sgs-sss.ch\/fr\/wp-json\/wp\/v2\/pages"}],"about":[{"href":"https:\/\/www.sgs-sss.ch\/fr\/wp-json\/wp\/v2\/types\/page"}],"author":[{"embeddable":true,"href":"https:\/\/www.sgs-sss.ch\/fr\/wp-json\/wp\/v2\/users\/63"}],"replies":[{"embeddable":true,"href":"https:\/\/www.sgs-sss.ch\/fr\/wp-json\/wp\/v2\/comments?post=13347"}],"version-history":[{"count":2,"href":"https:\/\/www.sgs-sss.ch\/fr\/wp-json\/wp\/v2\/pages\/13347\/revisions"}],"predecessor-version":[{"id":13349,"href":"https:\/\/www.sgs-sss.ch\/fr\/wp-json\/wp\/v2\/pages\/13347\/revisions\/13349"}],"up":[{"embeddable":true,"href":"https:\/\/www.sgs-sss.ch\/fr\/wp-json\/wp\/v2\/pages\/578"}],"wp:attachment":[{"href":"https:\/\/www.sgs-sss.ch\/fr\/wp-json\/wp\/v2\/media?parent=13347"}],"curies":[{"name":"wp","href":"https:\/\/api.w.org\/{rel}","templated":true}]}}