{"id":588,"date":"2016-01-16T14:56:05","date_gmt":"2016-01-16T13:56:05","guid":{"rendered":"http:\/\/new.sgs-sss.ch\/new\/fr\/die-gesellschaft\/"},"modified":"2025-09-26T15:26:56","modified_gmt":"2025-09-26T13:26:56","slug":"la-societe","status":"publish","type":"page","link":"https:\/\/www.sgs-sss.ch\/fr\/la-societe\/","title":{"rendered":"La soci\u00e9t\u00e9"},"content":{"rendered":"\n<style type=\"text\/css\" data-created_by=\"avia_inline_auto\" id=\"style-css-av-57lc1w-76fed701e37d994e1ee543dc29322a91\">\n.avia-section.av-57lc1w-76fed701e37d994e1ee543dc29322a91{\nbackground-color:#ffffff;\nbackground-image:unset;\n}\n<\/style>\n<div id='av_section_1'  class='avia-section av-57lc1w-76fed701e37d994e1ee543dc29322a91 main_color avia-section-default avia-no-shadow  avia-builder-el-0  el_before_av_section  avia-builder-el-first  avia-bg-style-scroll container_wrap fullsize'  ><div class='container av-section-cont-open' ><main  role=\"main\" itemprop=\"mainContentOfPage\"  class='template-page content  av-content-full alpha units'><div class='post-entry post-entry-type-page post-entry-588'><div class='entry-content-wrapper clearfix'>\n\n<style type=\"text\/css\" data-created_by=\"avia_inline_auto\" id=\"style-css-av-51gkis-ff0cbc4eab392611d4914494c1b0173d\">\n#top .av-special-heading.av-51gkis-ff0cbc4eab392611d4914494c1b0173d{\npadding-bottom:25px;\n}\nbody .av-special-heading.av-51gkis-ff0cbc4eab392611d4914494c1b0173d .av-special-heading-tag .heading-char{\nfont-size:25px;\n}\n.av-special-heading.av-51gkis-ff0cbc4eab392611d4914494c1b0173d .av-subheading{\nfont-size:15px;\n}\n<\/style>\n<div  class='av-special-heading av-51gkis-ff0cbc4eab392611d4914494c1b0173d av-special-heading-h2  avia-builder-el-1  el_before_av_one_full  avia-builder-el-first '><h2 class='av-special-heading-tag '  itemprop=\"headline\"  >LA SOCI\u00c9T\u00c9<\/h2><div class=\"special-heading-border\"><div class=\"special-heading-inner-border\"><\/div><\/div><\/div>\n<div class='flex_column_table av-4tpp64-23f2dccd41a433301fd23b15be9a1ed0 sc-av_one_full av-equal-height-column-flextable'>\n<style type=\"text\/css\" data-created_by=\"avia_inline_auto\" id=\"style-css-av-4tpp64-23f2dccd41a433301fd23b15be9a1ed0\">\n.flex_column.av-4tpp64-23f2dccd41a433301fd23b15be9a1ed0{\nborder-radius:0px 0px 0px 0px;\npadding:20px 20px 20px 0px;\n}\n<\/style>\n<div  class='flex_column av-4tpp64-23f2dccd41a433301fd23b15be9a1ed0 av_one_full  avia-builder-el-2  el_after_av_heading  avia-builder-el-last  first flex_column_table_cell av-equal-height-column av-align-top  '     ><style type=\"text\/css\" data-created_by=\"avia_inline_auto\" id=\"style-css-av-4slies-06fb3b5020c33ef38073a21b6982eca5\">\n#top .avia-icon-list-container.av-4slies-06fb3b5020c33ef38073a21b6982eca5 .iconlist_icon{\ncolor:#ffffff;\nbackground-color:#77addb;\n}\n#top .avia-icon-list-container.av-4slies-06fb3b5020c33ef38073a21b6982eca5 .iconlist_icon svg:first-child{\nstroke:#ffffff;\nfill:#ffffff;\n}\n#top #wrap_all .avia-icon-list-container.av-4slies-06fb3b5020c33ef38073a21b6982eca5 .av_iconlist_title{\ncolor:#000000;\n}\n.avia-icon-list-container.av-4slies-06fb3b5020c33ef38073a21b6982eca5 .iconlist_content{\ncolor:#000000;\n}\n<\/style>\n<div  class='avia-icon-list-container av-4slies-06fb3b5020c33ef38073a21b6982eca5  avia-builder-el-3  avia-builder-el-no-sibling '><ul class='avia-icon-list avia_animate_when_almost_visible avia-icon-list-left av-iconlist-big av-4slies-06fb3b5020c33ef38073a21b6982eca5 avia-iconlist-animate'>\n<li><div class='iconlist_icon av-4im3d8-f94cb96fcec937169706f4a14e527546 avia-font-entypo-fontello avia-iconfont avia-font-entypo-fontello'><span class='av-icon-char' data-av_icon='\ue8c5' data-av_iconfont='entypo-fontello' aria-hidden=\"true\"><\/span><\/div><article class=\"article-icon-entry \"  itemscope=\"itemscope\" itemtype=\"https:\/\/schema.org\/CreativeWork\" ><div class=\"iconlist_content_wrap\"><header class=\"entry-content-header\" aria-label=\"Ic\u00f4ne : La soci\u00e9t\u00e9 suisse de sociologie a pour but de promouvoir la sociologie en Suisse.\"><h4 class='av_iconlist_title iconlist_title  av_inherit_color'  itemprop=\"headline\" >La soci\u00e9t\u00e9 suisse de sociologie a pour but de promouvoir la sociologie en Suisse.<\/h4><\/header><div class='iconlist_content av_inherit_color'  itemprop=\"text\" ><p>La SSS \u00e9tablit des liens entre sociologues en Suisse. En tant que soci\u00e9t\u00e9 membre de l\u2019ISA (International Sociological Association) et de l\u2019ESA (European Sociological Association), elle contribue aux \u00e9changes entre sociologues sur le plan international. En tant que soci\u00e9t\u00e9 scientifique, elle d\u00e9fend les int\u00e9r\u00eats de la sociologie dans les institutions de la politique scientifique en Suisse, aupr\u00e8s de l\u2019Acad\u00e9mie suisse des sciences humaines et sociales (ASSH) et du Conseil suisse de la science et de la technologie (CSST).<\/p>\n<\/div><\/div><footer class=\"entry-footer\"><\/footer><\/article><div class=\"iconlist-timeline\"><\/div><\/li>\n<li><div class='iconlist_icon av-4enxb8-f0b70e0a893fc7135da1d3670f76ad5a avia-font-entypo-fontello avia-iconfont avia-font-entypo-fontello'><span class='av-icon-char' data-av_icon='\ue8c9' data-av_iconfont='entypo-fontello' aria-hidden=\"true\"><\/span><\/div><article class=\"article-icon-entry \"  itemscope=\"itemscope\" itemtype=\"https:\/\/schema.org\/CreativeWork\" ><div class=\"iconlist_content_wrap\"><header class=\"entry-content-header\" aria-label=\"Ic\u00f4ne : Elle encourage l\u2019enseignement, la recherche et la diffusion de la sociologie.\"><h4 class='av_iconlist_title iconlist_title  av_inherit_color'  itemprop=\"headline\" >Elle encourage l\u2019enseignement, la recherche et la diffusion de la sociologie.<\/h4><\/header><div class='iconlist_content av_inherit_color'  itemprop=\"text\" ><p>La SSS \u00e9dite la Revue suisse de sociologie, ainsi que le Bulletin. Avec sa maison d\u2019\u00e9dition \u00ab Edition Seismo, sciences sociales et probl\u00e8mes de soci\u00e9t\u00e9 \u00bb, la SSS dispose d\u2019un instrument important pour la circulation des savoirs sociologiques. Le si\u00e8ge des \u00e9ditions est situ\u00e9 \u00e0 Zurich; une filiale situ\u00e9e \u00e0 Gen\u00e8ve s&rsquo;occupe plus particuli\u00e8rement des auteurs et autrices de Suisse romande.<\/p>\n<\/div><\/div><footer class=\"entry-footer\"><\/footer><\/article><div class=\"iconlist-timeline\"><\/div><\/li>\n<li><div class='iconlist_icon av-45z3qk-ca2ee35abc216724d5e5a5153f6f2d3a avia-font-entypo-fontello avia-iconfont avia-font-entypo-fontello'><span class='av-icon-char' data-av_icon='\ue8bb' data-av_iconfont='entypo-fontello' aria-hidden=\"true\"><\/span><\/div><article class=\"article-icon-entry \"  itemscope=\"itemscope\" itemtype=\"https:\/\/schema.org\/CreativeWork\" ><div class=\"iconlist_content_wrap\"><header class=\"entry-content-header\" aria-label=\"Ic\u00f4ne : Elle traite les probl\u00e8mes g\u00e9n\u00e9raux li\u00e9s \u00e0 la pratique professionnelle des sociologues.\"><h4 class='av_iconlist_title iconlist_title  av_inherit_color'  itemprop=\"headline\" >Elle traite les probl\u00e8mes g\u00e9n\u00e9raux li\u00e9s \u00e0 la pratique professionnelle des sociologues.<\/h4><\/header><div class='iconlist_content av_inherit_color'  itemprop=\"text\" ><p>Le bulletin, la newsletter et le site web informent les membres sur les activit\u00e9s actuelles, les offres professionnelles, les congr\u00e8s et la recherche scientifique.<\/p>\n<p>Des comit\u00e9s de recherche permettent aux sociologues travaillant sur les m\u00eames sujets de se retrouver et d\u2019\u00e9changer des id\u00e9es lors de rencontres scientifiques.<\/p>\n<p>La SSS est membre de l\u2019Acad\u00e9mie suisse des sciences humaines et sociales (ASSH) dont elle re\u00e7oit un soutien financier.<\/p>\n<\/div><\/div><footer class=\"entry-footer\"><\/footer><\/article><div class=\"iconlist-timeline\"><\/div><\/li>\n<\/ul><\/div><\/div><\/div><!--close column table wrapper. Autoclose: 1 -->\n\n<\/div><\/div><\/main><!-- close content main element --><\/div><\/div>\n<style type=\"text\/css\" data-created_by=\"avia_inline_auto\" id=\"style-css-av-44px70-340da317ddb749cb8f1fa280b26c1185\">\n.avia-section.av-44px70-340da317ddb749cb8f1fa280b26c1185{\nbackground-color:#eeeeee;\nbackground-image:unset;\n}\n<\/style>\n<div id='av_section_2'  class='avia-section av-44px70-340da317ddb749cb8f1fa280b26c1185 main_color avia-section-default avia-no-shadow  avia-builder-el-4  el_after_av_section  el_before_av_section  avia-bg-style-scroll container_wrap fullsize'  ><div class='container av-section-cont-open' ><div class='template-page content  av-content-full alpha units'><div class='post-entry post-entry-type-page post-entry-588'><div class='entry-content-wrapper clearfix'>\n<div class='flex_column_table av-3ytsmc-9c0f890148f81de8d9117839fed43933 sc-av_one_half av-equal-height-column-flextable'>\n<style type=\"text\/css\" data-created_by=\"avia_inline_auto\" id=\"style-css-av-3ytsmc-9c0f890148f81de8d9117839fed43933\">\n.flex_column.av-3ytsmc-9c0f890148f81de8d9117839fed43933{\nborder-radius:0px 0px 0px 0px;\npadding:0px 30px 0px 0px;\n}\n<\/style>\n<div  class='flex_column av-3ytsmc-9c0f890148f81de8d9117839fed43933 av_one_half  avia-builder-el-5  el_before_av_one_half  avia-builder-el-first  first no_margin flex_column_table_cell av-equal-height-column av-align-top  '     ><p>\n<style type=\"text\/css\" data-created_by=\"avia_inline_auto\" id=\"style-css-av-3pxdwc-d5b52d461d86a557d4114d92c486bfd7\">\n#top .av-special-heading.av-3pxdwc-d5b52d461d86a557d4114d92c486bfd7{\npadding-bottom:25px;\n}\nbody .av-special-heading.av-3pxdwc-d5b52d461d86a557d4114d92c486bfd7 .av-special-heading-tag .heading-char{\nfont-size:25px;\n}\n.av-special-heading.av-3pxdwc-d5b52d461d86a557d4114d92c486bfd7 .av-subheading{\nfont-size:15px;\n}\n<\/style>\n<div  class='av-special-heading av-3pxdwc-d5b52d461d86a557d4114d92c486bfd7 av-special-heading-h2  avia-builder-el-6  el_before_av_textblock  avia-builder-el-first '><h2 class='av-special-heading-tag '  itemprop=\"headline\"  >COMIT\u00c9S DE RECHERCHE<\/h2><div class=\"special-heading-border\"><div class=\"special-heading-inner-border\"><\/div><\/div><\/div><br \/>\n<section  class='av_textblock_section av-3ljxos-6be2b2daabf8c8d669d5ae3900b1f7fb '   itemscope=\"itemscope\" itemtype=\"https:\/\/schema.org\/CreativeWork\" ><div class='avia_textblock'  itemprop=\"text\" ><p style=\"padding-left: 20px;\">Les sociologues s\u2019int\u00e9ressant \u00e0 des th\u00e8mes sp\u00e9cifiques peuvent s\u2019organiser en comit\u00e9s de recherche.<\/p>\n<p style=\"padding-left: 20px;\">Une liste de ces comit\u00e9s est disponible <a href=\"https:\/\/www.sgs-sss.ch\/fr\/comites-de-recherche\/\" target=\"_blank\" rel=\"noopener\">ici<\/a>.<\/p>\n<\/div><\/section><\/p><\/div>\n<style type=\"text\/css\" data-created_by=\"avia_inline_auto\" id=\"style-css-av-3ewqks-976c6a919bc0d5533d816316e55b0f47\">\n.flex_column.av-3ewqks-976c6a919bc0d5533d816316e55b0f47{\nborder-radius:0px 0px 0px 0px;\npadding:0px 30px 0px 0px;\n}\n<\/style>\n<div  class='flex_column av-3ewqks-976c6a919bc0d5533d816316e55b0f47 av_one_half  avia-builder-el-8  el_after_av_one_half  avia-builder-el-last  no_margin flex_column_table_cell av-equal-height-column av-align-top  '     ><p>\n<style type=\"text\/css\" data-created_by=\"avia_inline_auto\" id=\"style-css-av-36u7h0-8bcb7bf991e610d93c26dbbaa12544c6\">\n#top .av-special-heading.av-36u7h0-8bcb7bf991e610d93c26dbbaa12544c6{\npadding-bottom:25px;\n}\nbody .av-special-heading.av-36u7h0-8bcb7bf991e610d93c26dbbaa12544c6 .av-special-heading-tag .heading-char{\nfont-size:25px;\n}\n.av-special-heading.av-36u7h0-8bcb7bf991e610d93c26dbbaa12544c6 .av-subheading{\nfont-size:15px;\n}\n<\/style>\n<div  class='av-special-heading av-36u7h0-8bcb7bf991e610d93c26dbbaa12544c6 av-special-heading-h2  avia-builder-el-9  el_before_av_textblock  avia-builder-el-first '><h2 class='av-special-heading-tag '  itemprop=\"headline\"  >CONGR\u00c8S<\/h2><div class=\"special-heading-border\"><div class=\"special-heading-inner-border\"><\/div><\/div><\/div><br \/>\n<section  class='av_textblock_section av-auhjw-979abff683f7edaa85d9f8b270ed1a92 '   itemscope=\"itemscope\" itemtype=\"https:\/\/schema.org\/CreativeWork\" ><div class='avia_textblock'  itemprop=\"text\" ><p style=\"padding-left: 20px;\">La SSS organise r\u00e9guli\u00e8rement des congr\u00e8s. Ceux-ci servent de lieu d\u2019\u00e9change d\u2019informations entre les diff\u00e9rents comit\u00e9s de recherche, et favorisent le contact entre les sociologues de toute la Suisse. <a href=\"https:\/\/www.sgs-sss.ch\/fr\/la-societe\/congres\/\" target=\"_blank\" rel=\"noopener\">Lire la suite&#8230;<\/a><\/p>\n<\/div><\/section><\/p><\/div><\/div><!--close column table wrapper. Autoclose: 1 -->\n\n<\/div><\/div><\/div><!-- close content main div --><\/div><\/div>\n<style type=\"text\/css\" data-created_by=\"avia_inline_auto\" id=\"style-css-av-2w0i5g-e5b7d07a0ffea29135ade1c049281392\">\n.avia-section.av-2w0i5g-e5b7d07a0ffea29135ade1c049281392{\nbackground-color:#ffffff;\nbackground-image:unset;\n}\n<\/style>\n<div id='av_section_3'  class='avia-section av-2w0i5g-e5b7d07a0ffea29135ade1c049281392 main_color avia-section-default avia-no-shadow  avia-builder-el-11  el_after_av_section  el_before_av_section  avia-bg-style-scroll container_wrap fullsize'  ><div class='container av-section-cont-open' ><div class='template-page content  av-content-full alpha units'><div class='post-entry post-entry-type-page post-entry-588'><div class='entry-content-wrapper clearfix'>\n\n<style type=\"text\/css\" data-created_by=\"avia_inline_auto\" id=\"style-css-av-2s5w6k-a1a135b0a70f1d36f4e8f672f2dc6d63\">\n#top .av-special-heading.av-2s5w6k-a1a135b0a70f1d36f4e8f672f2dc6d63{\npadding-bottom:25px;\n}\nbody .av-special-heading.av-2s5w6k-a1a135b0a70f1d36f4e8f672f2dc6d63 .av-special-heading-tag .heading-char{\nfont-size:25px;\n}\n.av-special-heading.av-2s5w6k-a1a135b0a70f1d36f4e8f672f2dc6d63 .av-subheading{\nfont-size:15px;\n}\n<\/style>\n<div  class='av-special-heading av-2s5w6k-a1a135b0a70f1d36f4e8f672f2dc6d63 av-special-heading-h2  avia-builder-el-12  el_before_av_one_full  avia-builder-el-first '><h2 class='av-special-heading-tag '  itemprop=\"headline\"  >PUBLICATIONS<\/h2><div class=\"special-heading-border\"><div class=\"special-heading-inner-border\"><\/div><\/div><\/div>\n<div class='flex_column_table av-2l36fg-7fa431b37e9aea362541fb4b2e7f762e sc-av_one_full av-equal-height-column-flextable'>\n<style type=\"text\/css\" data-created_by=\"avia_inline_auto\" id=\"style-css-av-2l36fg-7fa431b37e9aea362541fb4b2e7f762e\">\n.flex_column.av-2l36fg-7fa431b37e9aea362541fb4b2e7f762e{\nborder-radius:0px 0px 0px 0px;\npadding:0px 20px 20px 20px;\n}\n<\/style>\n<div  class='flex_column av-2l36fg-7fa431b37e9aea362541fb4b2e7f762e av_one_full  avia-builder-el-13  el_after_av_heading  el_before_av_one_fifth  first no_margin flex_column_table_cell av-equal-height-column av-align-top  '     ><section  class='av_textblock_section av-2h7h3w-f3f9a2a200e5c84e397e7e73bffd3c53 '   itemscope=\"itemscope\" itemtype=\"https:\/\/schema.org\/CreativeWork\" ><div class='avia_textblock'  itemprop=\"text\" ><p>Sans l\u2019existence de revues et de publications sp\u00e9cialis\u00e9es, tout \u00e9change scientifique est pratiquement impossible. C\u2019est pourquoi la SSS accorde une grande importance aux publications et travaille de mani\u00e8re active dans ce domaine. Elle \u00e9dite r\u00e9guli\u00e8rement ses propres publications (la Revue suisse de sociologie et le Bulletin). De plus, elle a fond\u00e9 en 1988 les \u00e9ditions \u00ab Seismo \u00bb.<\/p>\n<h3>La Revue suisse de sociologie<\/h3>\n<\/div><\/section><\/div><\/div><!--close column table wrapper. Autoclose: 1 --><div class='flex_column_table av-27ro30-e25d2bc124d2f64f296a3e255c0234a5 sc-av_one_fifth av-equal-height-column-flextable'>\n<style type=\"text\/css\" data-created_by=\"avia_inline_auto\" id=\"style-css-av-27ro30-e25d2bc124d2f64f296a3e255c0234a5\">\n.flex_column.av-27ro30-e25d2bc124d2f64f296a3e255c0234a5{\nborder-radius:0px 0px 0px 0px;\npadding:0px 20px 20px 20px;\n}\n<\/style>\n<div  class='flex_column av-27ro30-e25d2bc124d2f64f296a3e255c0234a5 av_one_fifth  avia-builder-el-15  el_after_av_one_full  el_before_av_four_fifth  first no_margin flex_column_table_cell av-equal-height-column av-align-top  column-top-margin'     ><style type=\"text\/css\" data-created_by=\"avia_inline_auto\" id=\"style-css-av-2155nw-72e09efe9ab30f348d9ea38322b21e37\">\n.avia-image-container.av-2155nw-72e09efe9ab30f348d9ea38322b21e37 img.avia_image{\nbox-shadow:none;\n}\n.avia-image-container.av-2155nw-72e09efe9ab30f348d9ea38322b21e37 .av-caption-image-overlay-bg{\nopacity:0.8;\nbackground-color:#ffffff;\n}\n.avia-image-container.av-2155nw-72e09efe9ab30f348d9ea38322b21e37 .av-image-caption-overlay-center{\ncolor:#000000;\nfont-size:15px;\n}\n<\/style>\n<div  class='avia-image-container av-2155nw-72e09efe9ab30f348d9ea38322b21e37 av-styling- av-img-linked avia-align-center  avia-builder-el-16  avia-builder-el-no-sibling  noHover av-overlay-on-hover'   itemprop=\"image\" itemscope=\"itemscope\" itemtype=\"https:\/\/schema.org\/ImageObject\" ><div class=\"avia-image-container-inner\"><div class=\"avia-image-overlay-wrap\"><a href=\"http:\/\/www.sociojournal.ch\/\" class='avia_image '  target=\"_blank\"  rel=\"noopener noreferrer\" aria-label='zeitschrift fuer soziologie'><div class=\"av-image-caption-overlay\"><div class=\"av-caption-image-overlay-bg\"><\/div><div class=\"av-image-caption-overlay-position\"><div class=\"av-image-caption-overlay-center\"><p><strong>Schweizerische Zeitschrift f\u00fcr Soziologie<\/strong><\/p>\n<p>www.sociojournal.ch<\/p>\n<\/div><\/div><\/div><img decoding=\"async\" fetchpriority=\"high\" class='wp-image-10054 avia-img-lazy-loading-not-10054 avia_image ' src=\"https:\/\/www.sgs-sss.ch\/wp-content\/uploads\/2016\/01\/zeitschrift-fuer-soziologie-1.jpg\" alt='' title='zeitschrift fuer soziologie'  height=\"272\" width=\"194\"  itemprop=\"thumbnailUrl\"  \/><\/a><\/div><\/div><\/div><\/div>\n<style type=\"text\/css\" data-created_by=\"avia_inline_auto\" id=\"style-css-av-1xa5t0-df9003066c5fc53caef8ea201d1f4377\">\n.flex_column.av-1xa5t0-df9003066c5fc53caef8ea201d1f4377{\nborder-radius:0px 0px 0px 0px;\npadding:0px 20px 20px 20px;\n}\n<\/style>\n<div  class='flex_column av-1xa5t0-df9003066c5fc53caef8ea201d1f4377 av_four_fifth  avia-builder-el-17  el_after_av_one_fifth  el_before_av_one_full  no_margin flex_column_table_cell av-equal-height-column av-align-top  column-top-margin'     ><section  class='av_textblock_section av-1stdzw-742cf9fced3e981d8017c141a67f3017 '   itemscope=\"itemscope\" itemtype=\"https:\/\/schema.org\/CreativeWork\" ><div class='avia_textblock'  itemprop=\"text\" ><p>La revue suisse de sociologie a \u00e9t\u00e9 constitu\u00e9e en 1975 sur l&rsquo;initiative de la Soci\u00e9t\u00e9 suisse de sociologie. Elle est publi\u00e9e trois fois par an avec l&rsquo;aide de l&rsquo;Acad\u00e9mie suisse des sciences humaines et sociales.<\/p>\n<p>La revue est une voix multilingue pour l&rsquo;analyse et la recherche en sociologie. Elle publie des travaux th\u00e9oriques, m\u00e9thodiques, pratiques et historiques en anglais, en fran\u00e7ais et en allemand.<\/p>\n<p>En 2017 deux num\u00e9ro sp\u00e9ciaux para\u00eetront\u00a0: le num\u00e9ro 43(2) sur le th\u00e8me \u00ab\u00a0Art, travail et (d\u00e9-)r\u00e9gulation\u00a0\u00bb et le num\u00e9ro 43(3) d\u00e9di\u00e9 au th\u00e8me \u00ab\u00a0Expansion du syst\u00e8me de formation, partenariat et famille\u00a0\u00bb.<\/p>\n<p>Depuis 2016 tous les articles de la Revue suisse de sociologie sont accessibles en Open Access sur le site de De Gruyter Open\u00a0: <a href=\"https:\/\/www.degruyter.com\/view\/j\/sjs\">https:\/\/www.degruyter.com\/view\/j\/sjs<\/a><\/p>\n<\/div><\/section><\/div><\/div><!--close column table wrapper. Autoclose: 1 --><div class='flex_column_table av-1iw098-b0ebae0722f9f13ec760b08a50d3da36 sc-av_one_full av-equal-height-column-flextable'>\n<style type=\"text\/css\" data-created_by=\"avia_inline_auto\" id=\"style-css-av-1iw098-b0ebae0722f9f13ec760b08a50d3da36\">\n.flex_column.av-1iw098-b0ebae0722f9f13ec760b08a50d3da36{\nborder-radius:0px 0px 0px 0px;\npadding:20px 20px 20px 20px;\n}\n<\/style>\n<div  class='flex_column av-1iw098-b0ebae0722f9f13ec760b08a50d3da36 av_one_full  avia-builder-el-19  el_after_av_four_fifth  avia-builder-el-last  first no_margin flex_column_table_cell av-equal-height-column av-align-top  '     ><section  class='av_textblock_section av-mg0vezgr-aeec56ff20ca7e669f3ec86bad7f8294 '   itemscope=\"itemscope\" itemtype=\"https:\/\/schema.org\/CreativeWork\" ><div class='avia_textblock'  itemprop=\"text\" ><h3>Editions Seismo: sciences sociales et probl\u00e8mes de soci\u00e9t\u00e9<\/h3>\n<p>Les \u00e9ditions SEISMO publient les travaux de toutes les sciences sociales (en fran\u00e7ais, en anglais et en allemand). Ce sont des \u00e9ditions professionnelles o\u00f9 les manuscrits sont soumis \u00e0 l\u2019\u00e9valuation d\u2019experts suisses et \u00e9trangers (peer review). Le prospectus des \u00e9ditions peut \u00eatre obtenu en s\u2019adressant \u00e0 Seismo Verlag, Zeltweg 27, 8032 Zurich, ou sur internet \u00e0 <a href=\"http:\/\/www.seismoverlag.ch\" target=\"_blank\" rel=\"noopener\">www.seismoverlag.ch<\/a>.<\/p>\n<h3>Bulletin<\/h3>\n<p>Le bulletin est l\u2019organe d\u2019information des membres et des m\u00e9dias. Il para\u00eet deux fois par an et apporte de nombreuses informations sur l\u2019actualit\u00e9 professionnelle et universitaire, la politique scientifique ou les places vacantes, et sur tout ce qui peut int\u00e9resser les sociologues dans le cadre de leur travail quotidien. Il est distribu\u00e9 \u00e0 tous les membres de la SSS, ainsi qu\u2019aux m\u00e9dias.<\/p>\n<\/div><\/section><\/div><\/div><!--close column table wrapper. Autoclose: 1 --><\/div><\/div><\/div><!-- close content main div --><\/div><\/div>\n<style type=\"text\/css\" data-created_by=\"avia_inline_auto\" id=\"style-css-av-1fj2v0-65d3d8229d82ad6cf6ad33b24e753fec\">\n.avia-section.av-1fj2v0-65d3d8229d82ad6cf6ad33b24e753fec{\nbackground-color:#eeeeee;\nbackground-image:unset;\n}\n<\/style>\n<div id='av_section_4'  class='avia-section av-1fj2v0-65d3d8229d82ad6cf6ad33b24e753fec main_color avia-section-default avia-no-shadow  avia-builder-el-21  el_after_av_section  avia-builder-el-last  avia-bg-style-scroll container_wrap fullsize'  ><div class='container av-section-cont-open' ><div class='template-page content  av-content-full alpha units'><div class='post-entry post-entry-type-page post-entry-588'><div class='entry-content-wrapper clearfix'>\n\n<style type=\"text\/css\" data-created_by=\"avia_inline_auto\" id=\"style-css-av-4fe3w-f46629e16b69f9e3af0bfa39bfc9fc38\">\n#top .av-special-heading.av-4fe3w-f46629e16b69f9e3af0bfa39bfc9fc38{\npadding-bottom:25px;\n}\nbody .av-special-heading.av-4fe3w-f46629e16b69f9e3af0bfa39bfc9fc38 .av-special-heading-tag .heading-char{\nfont-size:25px;\n}\n.av-special-heading.av-4fe3w-f46629e16b69f9e3af0bfa39bfc9fc38 .av-subheading{\nfont-size:15px;\n}\n<\/style>\n<div  class='av-special-heading av-4fe3w-f46629e16b69f9e3af0bfa39bfc9fc38 av-special-heading-h2  avia-builder-el-22  el_before_av_three_fifth  avia-builder-el-first '><h2 class='av-special-heading-tag '  itemprop=\"headline\"  >PROMOTION DE LA SOCIOLOGIE<\/h2><div class=\"special-heading-border\"><div class=\"special-heading-inner-border\"><\/div><\/div><\/div>\n<div class='flex_column_table av-10xj3w-05d4fd3ce24ecc6b0418949ea44d29de sc-av_three_fifth av-equal-height-column-flextable'>\n<style type=\"text\/css\" data-created_by=\"avia_inline_auto\" id=\"style-css-av-10xj3w-05d4fd3ce24ecc6b0418949ea44d29de\">\n.flex_column.av-10xj3w-05d4fd3ce24ecc6b0418949ea44d29de{\nborder-radius:0px 0px 0px 0px;\npadding:20px 20px 20px 20px;\n}\n<\/style>\n<div  class='flex_column av-10xj3w-05d4fd3ce24ecc6b0418949ea44d29de av_three_fifth  avia-builder-el-23  el_after_av_heading  el_before_av_two_fifth  first no_margin flex_column_table_cell av-equal-height-column av-align-top  '     ><section  class='av_textblock_section av-vdbjo-c40b4deae539c351487607f297149886 '   itemscope=\"itemscope\" itemtype=\"https:\/\/schema.org\/CreativeWork\" ><div class='avia_textblock'  itemprop=\"text\" ><h3>Sur le plan interdisciplinaire<\/h3>\n<p>La SSS entretient des \u00e9changes continus avec les autres soci\u00e9t\u00e9s en sciences sociales suisses. Son bulletin est co\u00e9dit\u00e9 avec l\u2019Association suisse de sciences politiques.<\/p>\n<\/div><\/section><br \/>\n\n<style type=\"text\/css\" data-created_by=\"avia_inline_auto\" id=\"style-css-av-pcfoc-5b1167d777ab05612510ec28f113cda8\">\n#top .hr.hr-invisible.av-pcfoc-5b1167d777ab05612510ec28f113cda8{\nheight:20px;\n}\n<\/style>\n<div  class='hr av-pcfoc-5b1167d777ab05612510ec28f113cda8 hr-invisible  avia-builder-el-25  el_after_av_textblock  el_before_av_textblock '><span class='hr-inner '><span class=\"hr-inner-style\"><\/span><\/span><\/div><br \/>\n<section  class='av_textblock_section av-20zro-00ac3e145864e94c965187a5cc54f65c '   itemscope=\"itemscope\" itemtype=\"https:\/\/schema.org\/CreativeWork\" ><div class='avia_textblock'  itemprop=\"text\" ><h3>Sur le plan de la politique scientifique<\/h3>\n<p>La SSS est l\u2019interlocutrice des organes qui pr\u00e9parent, financent ou d\u00e9cident de la politique scientifique en Suisse : notamment l\u2019Acad\u00e9mie suisse des sciences humaines et sociales (ASSH) et le Conseil suisse de la science et de la technologie (CSST). La SSS est aussi active au sein du Conseil de politique des sciences sociales (CPS) de l\u2019ASSH.<\/p>\n<\/div><\/section><\/p><\/div>\n<style type=\"text\/css\" data-created_by=\"avia_inline_auto\" id=\"style-css-av-h9v10-a07315bc7bf8323d0cd77e2f96e9b9a4\">\n.flex_column.av-h9v10-a07315bc7bf8323d0cd77e2f96e9b9a4{\nborder-radius:0px 0px 0px 0px;\npadding:20px 20px 20px 20px;\n}\n<\/style>\n<div  class='flex_column av-h9v10-a07315bc7bf8323d0cd77e2f96e9b9a4 av_two_fifth  avia-builder-el-27  el_after_av_three_fifth  avia-builder-el-last  no_margin flex_column_table_cell av-equal-height-column av-align-top  '     ><section  class='av_textblock_section av-9uiss-d1995449c5220e9a25907c6484d247bd '   itemscope=\"itemscope\" itemtype=\"https:\/\/schema.org\/CreativeWork\" ><div class='avia_textblock'  itemprop=\"text\" ><h3>Sur le plan international<\/h3>\n<p style=\"text-align: left;\">La SSS favorise les \u00e9changes avec les soci\u00e9t\u00e9s nationales ou internationales, notamment avec l\u2019Association internationale des sociologues de langue fran\u00e7aise (l\u2019AISLF), la Soci\u00e9t\u00e9 allemande de sociologie (DGS) et la Soci\u00e9t\u00e9 autrichienne de sociologie (\u00d6GS).<\/p>\n<p style=\"text-align: left;\">La SSS est \u00e9galement membre de l\u2019Association internationale de sociologie (ISA) et de L\u2019Association europ\u00e9enne de sociologie (ESA). Parmi les projets actuels de la SSS, on retrouve la volont\u00e9 de promouvoir les liens avec les sociologues d\u2019Europe orientale.<\/p>\n<\/div><\/section><\/div><\/div><!--close column table wrapper. Autoclose: 1 -->\n<\/p>\n","protected":false},"excerpt":{"rendered":"","protected":false},"author":1,"featured_media":0,"parent":0,"menu_order":0,"comment_status":"closed","ping_status":"closed","template":"","meta":{"footnotes":""},"class_list":["post-588","page","type-page","status-publish","hentry"],"_links":{"self":[{"href":"https:\/\/www.sgs-sss.ch\/fr\/wp-json\/wp\/v2\/pages\/588","targetHints":{"allow":["GET"]}}],"collection":[{"href":"https:\/\/www.sgs-sss.ch\/fr\/wp-json\/wp\/v2\/pages"}],"about":[{"href":"https:\/\/www.sgs-sss.ch\/fr\/wp-json\/wp\/v2\/types\/page"}],"author":[{"embeddable":true,"href":"https:\/\/www.sgs-sss.ch\/fr\/wp-json\/wp\/v2\/users\/1"}],"replies":[{"embeddable":true,"href":"https:\/\/www.sgs-sss.ch\/fr\/wp-json\/wp\/v2\/comments?post=588"}],"version-history":[{"count":10,"href":"https:\/\/www.sgs-sss.ch\/fr\/wp-json\/wp\/v2\/pages\/588\/revisions"}],"predecessor-version":[{"id":22257,"href":"https:\/\/www.sgs-sss.ch\/fr\/wp-json\/wp\/v2\/pages\/588\/revisions\/22257"}],"wp:attachment":[{"href":"https:\/\/www.sgs-sss.ch\/fr\/wp-json\/wp\/v2\/media?parent=588"}],"curies":[{"name":"wp","href":"https:\/\/api.w.org\/{rel}","templated":true}]}}