{"id":643,"date":"2016-09-19T20:30:02","date_gmt":"2016-09-19T18:30:02","guid":{"rendered":"http:\/\/new.sgs-sss.ch\/new\/fr\/geschlechterforschung\/"},"modified":"2025-01-08T10:06:22","modified_gmt":"2025-01-08T09:06:22","slug":"etudes-genre","status":"publish","type":"page","link":"https:\/\/www.sgs-sss.ch\/fr\/comites-de-recherche\/etudes-genre\/","title":{"rendered":"Etudes genre"},"content":{"rendered":"\n<style type=\"text\/css\" data-created_by=\"avia_inline_auto\" id=\"style-css-av-4brmq3-acc4b0a03264f3a55b26ddce2cef65e2\">\n.avia-section.av-4brmq3-acc4b0a03264f3a55b26ddce2cef65e2{\nbackground-color:#ffffff;\nbackground-image:unset;\n}\n<\/style>\n<div id='av_section_1'  class='avia-section av-4brmq3-acc4b0a03264f3a55b26ddce2cef65e2 main_color avia-section-default avia-no-shadow  avia-builder-el-0  el_before_av_two_third  avia-builder-el-first  avia-bg-style-scroll container_wrap fullsize'  ><div class='container av-section-cont-open' ><main  role=\"main\" itemprop=\"mainContentOfPage\"  class='template-page content  av-content-full alpha units'><div class='post-entry post-entry-type-page post-entry-643'><div class='entry-content-wrapper clearfix'>\n\n<style type=\"text\/css\" data-created_by=\"avia_inline_auto\" id=\"style-css-av-46bblf-04a6a1f50bd9e3f197de8b7a54bf4105\">\n#top .av-special-heading.av-46bblf-04a6a1f50bd9e3f197de8b7a54bf4105{\npadding-bottom:25px;\n}\nbody .av-special-heading.av-46bblf-04a6a1f50bd9e3f197de8b7a54bf4105 .av-special-heading-tag .heading-char{\nfont-size:25px;\n}\n.av-special-heading.av-46bblf-04a6a1f50bd9e3f197de8b7a54bf4105 .av-subheading{\nfont-size:15px;\n}\n<\/style>\n<div  class='av-special-heading av-46bblf-04a6a1f50bd9e3f197de8b7a54bf4105 av-special-heading-h2  avia-builder-el-1  el_before_av_one_full  avia-builder-el-first '><h2 class='av-special-heading-tag '  itemprop=\"headline\"  >ETUDES GENRE<\/h2><div class=\"special-heading-border\"><div class=\"special-heading-inner-border\"><\/div><\/div><\/div>\n<div class='flex_column_table av-42noeb-5cfc7525d61fabd42d28d9e1d5fdc72f sc-av_one_full av-equal-height-column-flextable'>\n<style type=\"text\/css\" data-created_by=\"avia_inline_auto\" id=\"style-css-av-42noeb-5cfc7525d61fabd42d28d9e1d5fdc72f\">\n.flex_column.av-42noeb-5cfc7525d61fabd42d28d9e1d5fdc72f{\nborder-radius:0px 0px 0px 0px;\npadding:20px 20px 20px 20px;\n}\n<\/style>\n<div  class='flex_column av-42noeb-5cfc7525d61fabd42d28d9e1d5fdc72f av_one_full  avia-builder-el-2  el_after_av_heading  avia-builder-el-last  first no_margin flex_column_table_cell av-equal-height-column av-align-top  '     ><section  class='av_textblock_section av-3ve8cz-313a31a8142c87fb120bdcdddf6319e2 '   itemscope=\"itemscope\" itemtype=\"https:\/\/schema.org\/CreativeWork\" ><div class='avia_textblock'  itemprop=\"text\" ><blockquote>\n<h4><strong>Actualit\u00e9s<\/strong><\/h4>\n<h3><strong>Publication (\u00e0 venir) d&rsquo;un livre consacr\u00e9 aux \u00ab\u00a0masculinit\u00e9s\u00a0\u00bb;<br \/>\nprojet issu du cycle de conf\u00e9rence interdisciplinaire organis\u00e9 par le comit\u00e9 de recherche sur le genre.<\/strong><\/h3>\n<p>\u00ab\u00a0Der Mann. Eine interdisziplin\u00e4re Herausforderung\u00a0\u00bb:<br \/>\nNina Jakoby, Brigitte Liebig, Martina Peitz, Tina Schmid, Isabelle Zinn (Hrsg.):<br \/>\nM\u00e4nner und M\u00e4nnlichkeiten. Disziplin\u00e4re Perspektiven. vdf Verlag.<\/p>\n<p><a href=\"http:\/\/www.resmarti.ch\/wp-content\/uploads\/2013\/06\/3540_Maenner_und_Maennlichkeit.pdf\" target=\"_blank\" rel=\"noopener\">Angebot<\/a><\/p>\n<\/blockquote>\n<\/div><\/section><br \/>\n\n<style type=\"text\/css\" data-created_by=\"avia_inline_auto\" id=\"style-css-av-3rjrsj-f2ddf1cd2efa1349f81dff4fb59fed4b\">\n#top .hr.hr-invisible.av-3rjrsj-f2ddf1cd2efa1349f81dff4fb59fed4b{\nheight:15px;\n}\n<\/style>\n<div  class='hr av-3rjrsj-f2ddf1cd2efa1349f81dff4fb59fed4b hr-invisible  avia-builder-el-4  el_after_av_textblock  el_before_av_toggle_container '><span class='hr-inner '><span class=\"hr-inner-style\"><\/span><\/span><\/div><br \/>\n<div  class='togglecontainer av-lvupe624-99f9811d471d28a120371845300978cc  avia-builder-el-5  el_after_av_hr  avia-builder-el-last ' >\n<section class='av_toggle_section av-3jy9cb-dc2643bfa64f6c708016d11502beb075'  itemscope=\"itemscope\" itemtype=\"https:\/\/schema.org\/CreativeWork\" ><div role=\"tablist\" class=\"single_toggle\" data-tags=\"{Tout} \"  ><p id='toggle-toggle-id-1' data-fake-id='#toggle-id-1' class='toggler  activeTitle av-title-above '  itemprop=\"headline\"  role='tab' tabindex='0' aria-controls='toggle-id-1' data-slide-speed=\"200\" data-title=\"Objectifs\" data-title-open=\"\" data-aria_collapsed=\"Cliquez pour \u00e9tendre : Objectifs\" data-aria_expanded=\"Cliquez pour r\u00e9duire : Objectifs\">Objectifs<span class=\"toggle_icon\"><span class=\"vert_icon\"><\/span><span class=\"hor_icon\"><\/span><\/span><\/p><div id='toggle-id-1' aria-labelledby='toggle-toggle-id-1' role='region' class='toggle_wrap  active_tc av-title-above' style='display:block;' ><div class='toggle_content invers-color '  itemprop=\"text\" ><p>Le comit\u00e9 de recherche sur le genre de la SSS initie, soutient et g\u00e8re des projets dans le domaine de la sociologie du genre avec comme objectif de combler certaines lacunes de la recherche sociologique. Le comit\u00e9 constitue un espace de discussion des divers questionnements sociologiques, tant d\u2019un point de vue acad\u00e9mique que pratique. De plus, le comit\u00e9 promeut l\u2019interdisciplinarit\u00e9 et l\u2019intensification des collaborations entre chercheuses et chercheurs en sciences sociales \u00e0 l\u2019int\u00e9rieur comme \u00e0 l\u2019ext\u00e9rieur des universit\u00e9s.<\/p>\n<\/div><\/div><\/div><\/section>\n<section class='av_toggle_section av-3g16mz-94ab0d799c886519ddcb6b7a053a86b1'  itemscope=\"itemscope\" itemtype=\"https:\/\/schema.org\/CreativeWork\" ><div role=\"tablist\" class=\"single_toggle\" data-tags=\"{Tout} \"  ><p id='toggle-toggle-id-2' data-fake-id='#toggle-id-2' class='toggler  av-title-above '  itemprop=\"headline\"  role='tab' tabindex='0' aria-controls='toggle-id-2' data-slide-speed=\"200\" data-title=\"Historique\" data-title-open=\"\" data-aria_collapsed=\"Cliquez pour \u00e9tendre : Historique\" data-aria_expanded=\"Cliquez pour r\u00e9duire : Historique\">Historique<span class=\"toggle_icon\"><span class=\"vert_icon\"><\/span><span class=\"hor_icon\"><\/span><\/span><\/p><div id='toggle-id-2' aria-labelledby='toggle-toggle-id-2' role='region' class='toggle_wrap  av-title-above'  ><div class='toggle_content invers-color '  itemprop=\"text\" ><ul>\n<li>Conf\u00e9rence du Prof. Michael Kimmel (State University of New York, Stony Brook, USA):\u00a0\u00bbWhat About the Boys? Understanding the Boys Crisis in Schools\u00a0\u00bb Organis\u00e9e conjointement par le comit\u00e9 de recherche sur le genre de la Soci\u00e9t\u00e9 Suisse de Sociologie, le CEG-Li\u00e8ge ainsi que par le Programme doctoral CUSO en Etudes Genre. Universit\u00e9 de Lausanne, 25 f\u00e9vrier 2013, 18:00-20:00, G\u00e9opolis 2227. <a href=\"https:\/\/www.sgs-sss.ch\/wp-content\/uploads\/2016\/04\/Affiche_Kimmel.pdf\" target=\"_blank\" rel=\"noopener\">Flyer<\/a><\/li>\n<li>Cycle de conf\u00e9rence interdisciplinaire (Universit\u00e9 de Zurich\/ETH Z\u00fcrich) \u00ab\u00a0Der Mann. Eine interdisziplin\u00e4re Herausforderung\u00a0\u00bb. Du 21 f\u00e9vrier au 20 mai, tous les jeudis soir. Organis\u00e9 par le comit\u00e9 de recherche sur le genre de la Soci\u00e9t\u00e9 Suisse de Sociologie. Voici le programme en allemand. <a href=\"https:\/\/www.sgs-sss.ch\/wp-content\/uploads\/2016\/04\/FS13_Flyer_KIV.pdf\" target=\"_blank\" rel=\"noopener\">Programm<\/a><\/li>\n<li>\u00ab\u00a0Neuer Strukturwandel der \u00d6ffentlichkeiten und Geschlechterverh\u00e4ltnisse\u00a0\u00bb, panel pr\u00e9sent\u00e9 lors du Dreil\u00e4nderkongress 2011 des soci\u00e9t\u00e9s de sociologie allemande, autrichienne et suisse (Universit\u00e9 Leopold-Franzens \u00e0 Innsbruck, 2011)<\/li>\n<li>\u00ab\u00a0Happy pluralism? Geschlechteridentit\u00e4t und gesellschaftlicher Wandel\u00a0\u00bb, panel organis\u00e9 au congr\u00e8s de la soci\u00e9t\u00e9 suisse de sociologie, (Universit\u00e9 de Gen\u00e8ve, 2009)<\/li>\n<li>\u201eKrieg! Krieg der Geschlechter? Geschlechterverh\u00e4ltnisse und \u2013konstruktionen als konstitutive Elemente kriegerischer Konflikte\u201c, panel organis\u00e9 au congr\u00e8s de la soci\u00e9t\u00e9 suisse de sociologie (Universit\u00e9 de B\u00e2le, 2007)<\/li>\n<li>Conf\u00e9rence \u00ab\u00a0Paradoxien im Geschlechterverh\u00e4ltnis\u00a0\u00bb, organis\u00e9e en collaboration avec l\u2019Association Femmes F\u00e9minisme Recherche Suisse \u00e0 l\u2019occasion des dix ans de la loi sur l\u2019\u00e9galit\u00e9, (Universit\u00e9 de Berne, 2006)<\/li>\n<li>Cycle de conf\u00e9rence interdisciplinaire \u00e0 l\u2019Universit\u00e9 de Zurich et l\u2019EPFZ \u00ab\u00a0Wissenschaft als Lebensform. Transformation und Perspektiven\u00a0\u00bb (Zurich, 2005)<\/li>\n<li>\u00ab\u00a0Die Neue Arbeitsordnung: Angleichungen und neue Ungleichheiten im Geschlechterverh\u00e4ltnis\u00a0\u00bb, panel organis\u00e9 au congr\u00e8s de la soci\u00e9t\u00e9 suisse de sociologie (Universit\u00e9 de Zurich, 2003)<\/li>\n<li>Conf\u00e9rence \u00ab\u00a0Transnational. Neue Regulierung und Flexibilisierung im Geschlechterverh\u00e4ltnis\u00a0\u00bb, congr\u00e8s de sociologie des soci\u00e9t\u00e9s de sociologie allemande, autrichienne et suisse (Fribourg en Brisgau 1998)<\/li>\n<li>Journ\u00e9e \u00ab\u00a0Sexualit\u00e4t &#8211; Macht &#8211; Organisationen\u00a0\u00bb (Universit\u00e9 de Zurich, 1994)<\/li>\n<li>Cycle de conf\u00e9rences interdisciplinaires \u00e0 l\u2019Universit\u00e9 de Zurich et \u00e0 l\u2019EPFZ \u00ab\u00a0Feministische Perspektiven in der Wissenschaft\u00a0\u00bb (Zurich, 1992)<\/li>\n<li>Panel \u00ab\u00a0Frauenforschung\u00a0\u00bb au 9i\u00e8me congr\u00e8s de la SSS (Universit\u00e9 de Neuch\u00e2tel, 1991)<\/li>\n<li>Conf\u00e9rence \u00ab\u00a0Soziologie der Geschlechterverh\u00e4ltnisse\u00a0\u00bb (Universit\u00e9 de Zurich, 1990)<\/li>\n<\/ul>\n<\/div><\/div><\/div><\/section>\n<section class='av_toggle_section av-39zvc3-ffbdc30d0a56bcbcc2c59d459c9e2919'  itemscope=\"itemscope\" itemtype=\"https:\/\/schema.org\/CreativeWork\" ><div role=\"tablist\" class=\"single_toggle\" data-tags=\"{Tout} \"  ><p id='toggle-toggle-id-3' data-fake-id='#toggle-id-3' class='toggler  av-title-above '  itemprop=\"headline\"  role='tab' tabindex='0' aria-controls='toggle-id-3' data-slide-speed=\"200\" data-title=\" Membres actifs\" data-title-open=\"\" data-aria_collapsed=\"Cliquez pour \u00e9tendre :  Membres actifs\" data-aria_expanded=\"Cliquez pour r\u00e9duire :  Membres actifs\"> Membres actifs<span class=\"toggle_icon\"><span class=\"vert_icon\"><\/span><span class=\"hor_icon\"><\/span><\/span><\/p><div id='toggle-id-3' aria-labelledby='toggle-toggle-id-3' role='region' class='toggle_wrap  av-title-above'  ><div class='toggle_content invers-color '  itemprop=\"text\" ><h3 style=\"margin-top: 30px;\"><strong>Monique Dupuis, lic. phil. I<\/strong><\/h3>\n<div  class='hr av-2zrme3-dbfe246bbfabbeef3946d1665bf205cd hr-short  avia-builder-el-6  el_before_av_hr  avia-builder-el-first  hr-left'><span class='hr-inner '><span class=\"hr-inner-style\"><\/span><\/span><\/div>\n<p><img loading=\"lazy\" decoding=\"async\" class=\"size-full wp-image-242 alignleft\" style=\"margin-right: 40px;\" src=\"https:\/\/www.sgs-sss.ch\/wp-content\/uploads\/2016\/01\/Irene-Kriesi.png\" alt=\"Irene Kriesi\" width=\"135\" height=\"185\" \/><\/p>\n<h3><a href=\"http:\/\/www.iffp-suisse.ch\/de\/ehb\/ueberuns\/mitarbeitende\/Seiten\/detailansicht.aspx?entityid=327\" target=\"_blank\" rel=\"noopener\">Prof. Dr. Irene Kriesi<\/a><\/h3>\n<p>Leiterin Forschungsfeld<br \/>\nInstitutionelle Bedingungen der Berufsbildung,<br \/>\nEidg. Hochschulinstitut f\u00fcr Berufsbildung<\/p>\n<div  class='hr av-2xh1eb-93a5174578217dbd08bf5d6b03677dcf hr-short  avia-builder-el-7  el_after_av_hr  el_before_av_hr  hr-left'><span class='hr-inner '><span class=\"hr-inner-style\"><\/span><\/span><\/div>\n<p><img loading=\"lazy\" decoding=\"async\" class=\"size-full wp-image-241 alignleft\" style=\"margin-right: 40px;\" src=\"https:\/\/www.sgs-sss.ch\/wp-content\/uploads\/2016\/01\/brigitte-liebig.jpg\" alt=\"brigitte-liebig\" width=\"135\" height=\"185\" \/><\/p>\n<h3><a href=\"http:\/\/www.fhnw.ch\/aps\/ifk\/ifk-das-team\/brigitte-liebig\" target=\"_blank\" rel=\"noopener\">Prof. PD Dr. Brigitte Liebig<\/a><\/h3>\n<p>Hochschule f\u00fcr Angewandte Psychologie, Fachhochschule Nordwestschweiz (FHNW). https:\/\/www.fhnw.ch\/de\/personen\/brigitte-liebig<\/p>\n<p>Privatdozentin Universit\u00e4t Basel, Seminar f\u00fcr Soziologie, Petersgraben 27, CH &#8211; 4051 Basel. https:\/\/soziologie.philhist.unibas.ch\/de\/personen\/brigitte-liebig\/<\/p>\n<div  class='hr av-2qzgg3-aded055255ce1461bf42037215fcf348 hr-short  avia-builder-el-8  el_after_av_hr  el_before_av_hr  hr-left'><span class='hr-inner '><span class=\"hr-inner-style\"><\/span><\/span><\/div>\n<p><img loading=\"lazy\" decoding=\"async\" class=\"size-full wp-image-244 alignleft\" style=\"margin-right: 40px;\" src=\"https:\/\/www.sgs-sss.ch\/wp-content\/uploads\/2016\/01\/martina-peitz.png\" alt=\"martina peitz\" width=\"135\" height=\"185\" \/><\/p>\n<h3>Dr. Martina Peitz<\/h3>\n<p>Wissenschaftliche Mitarbeiterin,<br \/>\nFachhochschule Nordwestschweiz (FHNW)<\/p>\n<div  class='hr av-2i1zwz-ff12c9b03200689dba8dde3c452af0b1 hr-short  avia-builder-el-9  el_after_av_hr  el_before_av_hr  hr-left'><span class='hr-inner '><span class=\"hr-inner-style\"><\/span><\/span><\/div>\n<p><img loading=\"lazy\" decoding=\"async\" class=\"size-full wp-image-243 alignleft\" style=\"margin-right: 40px;\" src=\"https:\/\/www.sgs-sss.ch\/wp-content\/uploads\/2016\/01\/isabelle-zinn.png\" alt=\"isabelle zinn\" width=\"135\" height=\"185\" \/><\/p>\n<h3><a href=\"https:\/\/applicationspub.unil.ch\/interpub\/noauth\/php\/Un\/UnPers.php?PerNum=1114662&amp;LanCode=8&amp;menu=curri\" target=\"_blank\" rel=\"noopener\">Isabelle Zinn<\/a><\/h3>\n<p>Laboratoire de sociologie,<br \/>\nUniversit\u00e9 de Lausanne<\/p>\n<div  class='hr av-2clpk3-8ed87353744ea2705f22bf1d4ee5b80e hr-short  avia-builder-el-10  el_after_av_hr  el_before_av_hr  hr-left'><span class='hr-inner '><span class=\"hr-inner-style\"><\/span><\/span><\/div>\n<\/div><\/div><\/div><\/section>\n<section class='av_toggle_section av-28rc2r-7b81540838dbb063455c3a677c9700a2'  itemscope=\"itemscope\" itemtype=\"https:\/\/schema.org\/CreativeWork\" ><div role=\"tablist\" class=\"single_toggle\" data-tags=\"{Tout} \"  ><p id='toggle-toggle-id-4' data-fake-id='#toggle-id-4' class='toggler  av-title-above '  itemprop=\"headline\"  role='tab' tabindex='0' aria-controls='toggle-id-4' data-slide-speed=\"200\" data-title=\" Publications du comit\u00e9\" data-title-open=\"\" data-aria_collapsed=\"Cliquez pour \u00e9tendre :  Publications du comit\u00e9\" data-aria_expanded=\"Cliquez pour r\u00e9duire :  Publications du comit\u00e9\"> Publications du comit\u00e9<span class=\"toggle_icon\"><span class=\"vert_icon\"><\/span><span class=\"hor_icon\"><\/span><\/span><\/p><div id='toggle-id-4' aria-labelledby='toggle-toggle-id-4' role='region' class='toggle_wrap  av-title-above'  ><div class='toggle_content invers-color '  itemprop=\"text\" ><p>\n<style type=\"text\/css\" data-created_by=\"avia_inline_auto\" id=\"style-css-av-24bw3v-acb3c0d567a1eb99bd80fc597a591d18\">\n#top .hr.hr-invisible.av-24bw3v-acb3c0d567a1eb99bd80fc597a591d18{\nheight:30px;\n}\n<\/style>\n<div  class='hr av-24bw3v-acb3c0d567a1eb99bd80fc597a591d18 hr-invisible  avia-builder-el-11  el_after_av_hr  el_before_av_hr '><span class='hr-inner '><span class=\"hr-inner-style\"><\/span><\/span><\/div><br \/>\n<img loading=\"lazy\" decoding=\"async\" class=\"wp-image-265 size-full alignleft\" style=\"margin-right: 40px;\" src=\"https:\/\/www.sgs-sss.ch\/wp-content\/uploads\/2016\/01\/maenner-und-maennlichkeit.jpg\" alt=\"\" width=\"170\" height=\"240\" \/><\/p>\n<p>Jakoby, N. \/ Liebis, B. \/ Peitz, M. \/ Schmid, T. \/ Zinn. I. (2014):<\/p>\n<h3>M\u00e4nner und M\u00e4nnlichkeiten.<br \/>\nDiszipln\u00e4re Persperktiven.<\/h3>\n<p>Z\u00fcrich, vdf Verlag der Hochschulen<\/p>\n<div  class='hr av-1yiq0j-932f9ca4a0b7c6f64d42d16848e88bd7 hr-short  avia-builder-el-12  el_after_av_hr  el_before_av_hr  hr-left'><span class='hr-inner '><span class=\"hr-inner-style\"><\/span><\/span><\/div>\n<p><img loading=\"lazy\" decoding=\"async\" class=\"wp-image-264 size-full alignleft\" style=\"margin-right: 40px;\" src=\"https:\/\/www.sgs-sss.ch\/wp-content\/uploads\/2016\/01\/gender-studies.jpg\" alt=\"\" width=\"170\" height=\"240\" \/><\/p>\n<p>Liebig, B.\/Dupuis, M. \/Ballmer\u2010Cao, Th.\u2010H.\/Maihofer, A. (Hg) (2009):<\/p>\n<h3>Gender Studies in Ausbildung und Arbeitswelt.<br \/>\nDas Beispiel Schweiz.<\/h3>\n<p>Z\u00fcrich, Seismo<\/p>\n<div  class='hr av-1t4q7v-bb9823c3bda9fe1358752d117b284f11 hr-short  avia-builder-el-13  el_after_av_hr  el_before_av_hr  hr-left'><span class='hr-inner '><span class=\"hr-inner-style\"><\/span><\/span><\/div>\n<p><img loading=\"lazy\" decoding=\"async\" class=\"wp-image-267 size-full alignleft\" style=\"margin-right: 40px;\" src=\"https:\/\/www.sgs-sss.ch\/wp-content\/uploads\/2016\/01\/microkosmos.jpg\" alt=\"\" width=\"170\" height=\"240\" \/><\/p>\n<p>Liebig, B. \/Dupuis, M.\/ Kriesi, I. \/Peitz, M. (Hg) (2006):<\/p>\n<h3>Mikrokosmos Wissenschaft.<br \/>\nTransformationen und Perspektiven.<\/h3>\n<p>Z\u00fcrich,vdf Hochschulverlag.<\/p>\n<div  class='hr av-1mok6z-6c907c02f71311c0796906e65de97c8c hr-short  avia-builder-el-14  el_after_av_hr  el_before_av_hr  hr-left'><span class='hr-inner '><span class=\"hr-inner-style\"><\/span><\/span><\/div>\n<p>Komitee feministische Soziologie (Hg) (2006):<\/p>\n<h3>Sexualit\u00e4t &#8211; Macht &#8211; Organisationen.<\/h3>\n<p>Chur\/Z\u00fcrich, R\u00fcegger.<\/p>\n<div  class='hr av-1hh2yr-e259719023561ac99a66e3538942b798 hr-short  avia-builder-el-15  el_after_av_hr  el_before_av_hr  hr-left'><span class='hr-inner '><span class=\"hr-inner-style\"><\/span><\/span><\/div>\n<p>Blattmann, L.\/Kreis, A.\/Liebig, B.\/Schafroth, K. (Hg.) (1993):<\/p>\n<h3>Feministische Perspektiven in der Wissenschaft.<\/h3>\n<p>Z\u00fcrich, vdf Verlag der Hochschulen<\/p>\n<div  class='hr av-1b11kj-0966d6f9a8c18be948b5e2902dec2b7f hr-short  avia-builder-el-16  el_after_av_hr  avia-builder-el-last  hr-left'><span class='hr-inner '><span class=\"hr-inner-style\"><\/span><\/span><\/div>\n<\/div><\/div><\/div><\/section>\n<section class='av_toggle_section av-12ybir-22d83e4bbfb1a450a95c867b9885266e'  itemscope=\"itemscope\" itemtype=\"https:\/\/schema.org\/CreativeWork\" ><div role=\"tablist\" class=\"single_toggle\" data-tags=\"{Tout} \"  ><p id='toggle-toggle-id-5' data-fake-id='#toggle-id-5' class='toggler  av-title-above '  itemprop=\"headline\"  role='tab' tabindex='0' aria-controls='toggle-id-5' data-slide-speed=\"200\" data-title=\" Rapports annuels\" data-title-open=\"\" data-aria_collapsed=\"Cliquez pour \u00e9tendre :  Rapports annuels\" data-aria_expanded=\"Cliquez pour r\u00e9duire :  Rapports annuels\"> Rapports annuels<span class=\"toggle_icon\"><span class=\"vert_icon\"><\/span><span class=\"hor_icon\"><\/span><\/span><\/p><div id='toggle-id-5' aria-labelledby='toggle-toggle-id-5' role='region' class='toggle_wrap  av-title-above'  ><div class='toggle_content invers-color '  itemprop=\"text\" ><p><a href=\"http:\/\/www.resmarti.ch\/wp-content\/uploads\/2013\/01\/Jahresbericht_1998.pdf\">1998<\/a>, <a href=\"http:\/\/www.resmarti.ch\/wp-content\/uploads\/2013\/01\/Jahresbericht_1999.pdf\">1999<\/a>, <a href=\"http:\/\/www.resmarti.ch\/wp-content\/uploads\/2013\/01\/Jahresbericht_2000.pdf\">2000<\/a>, <a href=\"http:\/\/www.resmarti.ch\/wp-content\/uploads\/2013\/01\/Jahresbericht_2001.pdf\">2001<\/a>, <a href=\"http:\/\/www.resmarti.ch\/wp-content\/uploads\/2013\/01\/Jahresbericht_2002.pdf\">2002<\/a>, 2003, 2004, <a href=\"http:\/\/www.resmarti.ch\/wp-content\/uploads\/2013\/01\/Jahresbericht_2005.pdf\">2005<\/a>, <a href=\"http:\/\/www.resmarti.ch\/wp-content\/uploads\/2013\/01\/Jahresbericht_2006.pdf\">2006<\/a>, <a href=\"http:\/\/www.resmarti.ch\/wp-content\/uploads\/2013\/01\/Jahresbericht_2007.pdf\">2007<\/a>, <a href=\"http:\/\/www.resmarti.ch\/wp-content\/uploads\/2013\/01\/Jahresbericht_2008.pdf\">2008<\/a>, <a href=\"http:\/\/www.resmarti.ch\/wp-content\/uploads\/2013\/01\/Jahresbericht_2009.pdf\">2009<\/a>, <a href=\"http:\/\/www.resmarti.ch\/wp-content\/uploads\/2013\/01\/Jahresbericht_2010.pdf\">2010<\/a>, <a href=\"http:\/\/www.resmarti.ch\/wp-content\/uploads\/2013\/01\/Jahresbericht_2011.pdf\">2011<\/a>, <a href=\"http:\/\/www.resmarti.ch\/wp-content\/uploads\/2013\/01\/Jahresbericht_2012.pdf\">2012<\/a>, <a href=\"http:\/\/www.resmarti.ch\/wp-content\/uploads\/2014\/12\/Jahresbericht_2014.pdf\">2014<\/a><\/p>\n<\/div><\/div><\/div><\/section>\n<section class='av_toggle_section av-z5upn-dccf0a8705bafc6525d0f766cf666cf2'  itemscope=\"itemscope\" itemtype=\"https:\/\/schema.org\/CreativeWork\" ><div role=\"tablist\" class=\"single_toggle\" data-tags=\"{Tout} \"  ><p id='toggle-toggle-id-6' data-fake-id='#toggle-id-6' class='toggler  av-title-above '  itemprop=\"headline\"  role='tab' tabindex='0' aria-controls='toggle-id-6' data-slide-speed=\"200\" data-title=\" Coop\u00e9ration avec d\u2019autres organisations\/organismes des sciences sociales\" data-title-open=\"\" data-aria_collapsed=\"Cliquez pour \u00e9tendre :  Coop\u00e9ration avec d\u2019autres organisations\/organismes des sciences sociales\" data-aria_expanded=\"Cliquez pour r\u00e9duire :  Coop\u00e9ration avec d\u2019autres organisations\/organismes des sciences sociales\"> Coop\u00e9ration avec d\u2019autres organisations\/organismes des sciences sociales<span class=\"toggle_icon\"><span class=\"vert_icon\"><\/span><span class=\"hor_icon\"><\/span><\/span><\/p><div id='toggle-id-6' aria-labelledby='toggle-toggle-id-6' role='region' class='toggle_wrap  av-title-above'  ><div class='toggle_content invers-color '  itemprop=\"text\" ><ul>\n<li><a href=\"http:\/\/www.gendercampus.ch\/d\/sggf\/default.aspx\" target=\"_blank\" rel=\"noopener\">La Soci\u00e9t\u00e9 suisse d&rsquo;Etudes Genre (SSEG)<\/a><\/li>\n<li><a href=\"http:\/\/www.femwiss.ch\/\" target=\"_blank\" rel=\"noopener\">Association Femmes F\u00e9minisme Recherche Suisse<\/a><\/li>\n<li><a href=\"http:\/\/www.oegs.ac.at\/fthg\/\" target=\"_blank\" rel=\"noopener\">Section th\u00e9orie f\u00e9ministe et \u00e9tudes genre de la soci\u00e9t\u00e9 autrichienne de sociologie<\/a> (site en allemand)<\/li>\n<li><a href=\"http:\/\/www.frauen-undgeschlechterforschung.de\/\" target=\"_blank\" rel=\"noopener\">Section \u00e9tudes femmes et \u00e9tudes genre de la soci\u00e9t\u00e9 allemande de sociologie<\/a> (site en allemand et en anglais)<\/li>\n<\/ul>\n<\/div><\/div><\/div><\/section>\n<section class='av_toggle_section av-pm6sr-b447557acf2be1ad1bb1ec53c57ad62c'  itemscope=\"itemscope\" itemtype=\"https:\/\/schema.org\/CreativeWork\" ><div role=\"tablist\" class=\"single_toggle\" data-tags=\"{Tout} \"  ><p id='toggle-toggle-id-7' data-fake-id='#toggle-id-7' class='toggler  av-title-above '  itemprop=\"headline\"  role='tab' tabindex='0' aria-controls='toggle-id-7' data-slide-speed=\"200\" data-title=\"Affiliation\" data-title-open=\"\" data-aria_collapsed=\"Cliquez pour \u00e9tendre : Affiliation\" data-aria_expanded=\"Cliquez pour r\u00e9duire : Affiliation\">Affiliation<span class=\"toggle_icon\"><span class=\"vert_icon\"><\/span><span class=\"hor_icon\"><\/span><\/span><\/p><div id='toggle-id-7' aria-labelledby='toggle-toggle-id-7' role='region' class='toggle_wrap  av-title-above'  ><div class='toggle_content invers-color '  itemprop=\"text\" ><p>La participation au comit\u00e9 est ouverte \u00e0 tous et toutes les sociologues int\u00e9ress\u00e9.e.s, ind\u00e9pendamment de toute affiliation acad\u00e9mique. La participation n\u2019est pas sujette \u00e0 cotisation.<\/p>\n<\/div><\/div><\/div><\/section>\n<section class='av_toggle_section av-lvupe4wj-60078b53c4adaf25bbfd4d2dc8150614'  itemscope=\"itemscope\" itemtype=\"https:\/\/schema.org\/CreativeWork\" ><div role=\"tablist\" class=\"single_toggle\" data-tags=\"{Tout} \"  ><p id='toggle-toggle-id-8' data-fake-id='#toggle-id-8' class='toggler  av-title-above '  itemprop=\"headline\"  role='tab' tabindex='0' aria-controls='toggle-id-8' data-slide-speed=\"200\" data-title=\"Contact\" data-title-open=\"\" data-aria_collapsed=\"Cliquez pour \u00e9tendre : Contact\" data-aria_expanded=\"Cliquez pour r\u00e9duire : Contact\">Contact<span class=\"toggle_icon\"><span class=\"vert_icon\"><\/span><span class=\"hor_icon\"><\/span><\/span><\/p><div id='toggle-id-8' aria-labelledby='toggle-toggle-id-8' role='region' class='toggle_wrap  av-title-above'  ><div class='toggle_content invers-color '  itemprop=\"text\" ><h4><strong>Die Co-Sprecherinnen freuen sich \u00fcber ihre Kontaktaufnahme: <\/strong><\/h4>\n<h3><strong>Prof. Dr. Lucia M. Lanfranconi <\/strong><\/h3>\n<p>Berner Fachhochschule \u2013 Institut New Work<\/p>\n<p>lucia.lanfranconi@bfh.ch<\/p>\n<h3><strong>Prof. Dr. Isabelle Zinn<\/strong><\/h3>\n<p>Berner Fachhochschule \u2013 Institut New Work<\/p>\n<p>isabelle.zinn@bfh.ch<\/p>\n<\/div><\/div><\/div><\/section>\n<section class='av_toggle_section av-mi0zn-085b1bb3808a4b6fb93fd332c9ba55b8'  itemscope=\"itemscope\" itemtype=\"https:\/\/schema.org\/CreativeWork\" ><div role=\"tablist\" class=\"single_toggle\" data-tags=\"{Tout} \"  ><p id='toggle-toggle-id-9' data-fake-id='#toggle-id-9' class='toggler  av-title-above '  itemprop=\"headline\"  role='tab' tabindex='0' aria-controls='toggle-id-9' data-slide-speed=\"200\" data-title=\" Date de fondation\" data-title-open=\"\" data-aria_collapsed=\"Cliquez pour \u00e9tendre :  Date de fondation\" data-aria_expanded=\"Cliquez pour r\u00e9duire :  Date de fondation\"> Date de fondation<span class=\"toggle_icon\"><span class=\"vert_icon\"><\/span><span class=\"hor_icon\"><\/span><\/span><\/p><div id='toggle-id-9' aria-labelledby='toggle-toggle-id-9' role='region' class='toggle_wrap  av-title-above'  ><div class='toggle_content invers-color '  itemprop=\"text\" ><p>1988<\/p>\n<\/div><\/div><\/div><\/section>\n<section class='av_toggle_section av-eqg6b-459408da1c4e3504f0686be6797fbded'  itemscope=\"itemscope\" itemtype=\"https:\/\/schema.org\/CreativeWork\" ><div role=\"tablist\" class=\"single_toggle\" data-tags=\"{Tout} \"  ><p id='toggle-toggle-id-10' data-fake-id='#toggle-id-10' class='toggler  av-title-above '  itemprop=\"headline\"  role='tab' tabindex='0' aria-controls='toggle-id-10' data-slide-speed=\"200\" data-title=\"Organisation\" data-title-open=\"\" data-aria_collapsed=\"Cliquez pour \u00e9tendre : Organisation\" data-aria_expanded=\"Cliquez pour r\u00e9duire : Organisation\">Organisation<span class=\"toggle_icon\"><span class=\"vert_icon\"><\/span><span class=\"hor_icon\"><\/span><\/span><\/p><div id='toggle-id-10' aria-labelledby='toggle-toggle-id-10' role='region' class='toggle_wrap  av-title-above'  ><div class='toggle_content invers-color '  itemprop=\"text\" ><p>L\u2019ensemble des membres du comit\u00e9 jouissent d\u2019un m\u00eame statut, tant \u00e0 l\u2019interne qu\u2019en regard de l\u2019ext\u00e9rieur. Les affaires courantes sont d\u00e9l\u00e9gu\u00e9es selon un principe de tournus.<\/p>\n<\/div><\/div><\/div><\/section>\n<\/div><\/p><\/div><\/div><!--close column table wrapper. Autoclose: 1 --><\/div><\/div><\/main><!-- close content main element --><\/div><\/div><div id='after_section_1'  class='main_color av_default_container_wrap container_wrap fullsize'  ><div class='container av-section-cont-open' ><div class='template-page content  av-content-full alpha units'><div class='post-entry post-entry-type-page post-entry-643'><div class='entry-content-wrapper clearfix'>\n<style type=\"text\/css\" data-created_by=\"avia_inline_auto\" id=\"style-css-av-8hqo3-c4935e9d15031b46af94b2a593856877\">\n.flex_column.av-8hqo3-c4935e9d15031b46af94b2a593856877{\nborder-radius:0px 0px 0px 0px;\npadding:0px 0px 0px 0px;\n}\n<\/style>\n<div  class='flex_column av-8hqo3-c4935e9d15031b46af94b2a593856877 av_two_third  avia-builder-el-17  el_after_av_section  avia-builder-el-no-sibling  first flex_column_div av-zero-column-padding  '     ><\/div><\/p>\n","protected":false},"excerpt":{"rendered":"","protected":false},"author":1,"featured_media":0,"parent":655,"menu_order":0,"comment_status":"closed","ping_status":"closed","template":"","meta":{"footnotes":""},"class_list":["post-643","page","type-page","status-publish","hentry"],"_links":{"self":[{"href":"https:\/\/www.sgs-sss.ch\/fr\/wp-json\/wp\/v2\/pages\/643","targetHints":{"allow":["GET"]}}],"collection":[{"href":"https:\/\/www.sgs-sss.ch\/fr\/wp-json\/wp\/v2\/pages"}],"about":[{"href":"https:\/\/www.sgs-sss.ch\/fr\/wp-json\/wp\/v2\/types\/page"}],"author":[{"embeddable":true,"href":"https:\/\/www.sgs-sss.ch\/fr\/wp-json\/wp\/v2\/users\/1"}],"replies":[{"embeddable":true,"href":"https:\/\/www.sgs-sss.ch\/fr\/wp-json\/wp\/v2\/comments?post=643"}],"version-history":[{"count":11,"href":"https:\/\/www.sgs-sss.ch\/fr\/wp-json\/wp\/v2\/pages\/643\/revisions"}],"predecessor-version":[{"id":21247,"href":"https:\/\/www.sgs-sss.ch\/fr\/wp-json\/wp\/v2\/pages\/643\/revisions\/21247"}],"up":[{"embeddable":true,"href":"https:\/\/www.sgs-sss.ch\/fr\/wp-json\/wp\/v2\/pages\/655"}],"wp:attachment":[{"href":"https:\/\/www.sgs-sss.ch\/fr\/wp-json\/wp\/v2\/media?parent=643"}],"curies":[{"name":"wp","href":"https:\/\/api.w.org\/{rel}","templated":true}]}}