{"id":645,"date":"2016-01-19T21:57:52","date_gmt":"2016-01-19T20:57:52","guid":{"rendered":"http:\/\/new.sgs-sss.ch\/new\/fr\/interpretative-sozialforschung\/"},"modified":"2019-09-28T17:49:12","modified_gmt":"2019-09-28T15:49:12","slug":"sociologies-interpretatives","status":"publish","type":"page","link":"https:\/\/www.sgs-sss.ch\/fr\/comites-de-recherche\/sociologies-interpretatives\/","title":{"rendered":"Sociologies interpr\u00e9tatives"},"content":{"rendered":"\n<style type=\"text\/css\" data-created_by=\"avia_inline_auto\" id=\"style-css-av-av_section-fb37fa88fbca848c7e29aff3fecdfcf1\">\n.avia-section.av-av_section-fb37fa88fbca848c7e29aff3fecdfcf1{\nbackground-color:#ffffff;\nbackground-image:unset;\n}\n<\/style>\n<div id='av_section_1'  class='avia-section av-av_section-fb37fa88fbca848c7e29aff3fecdfcf1 main_color avia-section-default avia-no-shadow  avia-builder-el-0  avia-builder-el-no-sibling  avia-bg-style-scroll container_wrap fullsize'  ><div class='container av-section-cont-open' ><main  role=\"main\" itemprop=\"mainContentOfPage\"  class='template-page content  av-content-full alpha units'><div class='post-entry post-entry-type-page post-entry-645'><div class='entry-content-wrapper clearfix'>\n\n<style type=\"text\/css\" data-created_by=\"avia_inline_auto\" id=\"style-css-av-av_heading-4c19fbd771d1ba2c05a2228ad1b12f84\">\n#top .av-special-heading.av-av_heading-4c19fbd771d1ba2c05a2228ad1b12f84{\npadding-bottom:25px;\n}\nbody .av-special-heading.av-av_heading-4c19fbd771d1ba2c05a2228ad1b12f84 .av-special-heading-tag .heading-char{\nfont-size:25px;\n}\n.av-special-heading.av-av_heading-4c19fbd771d1ba2c05a2228ad1b12f84 .av-subheading{\nfont-size:15px;\n}\n<\/style>\n<div  class='av-special-heading av-av_heading-4c19fbd771d1ba2c05a2228ad1b12f84 av-special-heading-h2  avia-builder-el-1  el_before_av_one_full  avia-builder-el-first '><h2 class='av-special-heading-tag '  itemprop=\"headline\"  >SOCIOLOGIES INTERPR\u00c9TATIVES<\/h2><div class=\"special-heading-border\"><div class=\"special-heading-inner-border\"><\/div><\/div><\/div>\n<div class='flex_column_table av-av_one_full-637497d8078788bf7892f1875f6d3165 sc-av_one_full av-equal-height-column-flextable'>\n<style type=\"text\/css\" data-created_by=\"avia_inline_auto\" id=\"style-css-av-av_one_full-637497d8078788bf7892f1875f6d3165\">\n.flex_column.av-av_one_full-637497d8078788bf7892f1875f6d3165{\nborder-radius:0px 0px 0px 0px;\npadding:20px 20px 20px 20px;\n}\n<\/style>\n<div  class='flex_column av-av_one_full-637497d8078788bf7892f1875f6d3165 av_one_full  avia-builder-el-2  el_after_av_heading  avia-builder-el-last  first no_margin flex_column_table_cell av-equal-height-column av-align-top  '     ><section  class='av_textblock_section av-av_textblock-0366cc7376be6c9e82a3e9cc8987b64f '   itemscope=\"itemscope\" itemtype=\"https:\/\/schema.org\/CreativeWork\" ><div class='avia_textblock'  itemprop=\"text\" ><blockquote>\n<h3><strong>Pr\u00e9sentation \u00bb <\/strong><strong>Fondation<\/strong><\/h3>\n<p>Le 28.11.1997, le comit\u00e9 ex\u00e9cutif de la Soci\u00e9t\u00e9 suisse de sociologie (SSS) d\u00e9cida d&rsquo;\u00e9tablir le comit\u00e9 de recherche sociologies interpr\u00e9tatives \u00e0 la demande d&rsquo;un groupe de membres de l&rsquo;Association provenant des universit\u00e9s de St-Gall, Berne et Fribourg.<\/p>\n<\/blockquote>\n<\/div><\/section><br \/>\n\n<style type=\"text\/css\" data-created_by=\"avia_inline_auto\" id=\"style-css-av-av_hr-bd84104f09c397338597807ab31c6aca\">\n#top .hr.hr-invisible.av-av_hr-bd84104f09c397338597807ab31c6aca{\nheight:15px;\n}\n<\/style>\n<div  class='hr av-av_hr-bd84104f09c397338597807ab31c6aca hr-invisible  avia-builder-el-4  el_after_av_textblock  el_before_av_toggle_container '><span class='hr-inner '><span class=\"hr-inner-style\"><\/span><\/span><\/div><br \/>\n<div  class='togglecontainer av-av_toggle_container-1c5f05ce43bbf21457da42746a25c01a  avia-builder-el-5  el_after_av_hr  avia-builder-el-last ' >\n<section class='av_toggle_section av-av_toggle-81c627add115d33a773dcf3d767f8939'  itemscope=\"itemscope\" itemtype=\"https:\/\/schema.org\/CreativeWork\" ><div role=\"tablist\" class=\"single_toggle\" data-tags=\"{Tout} \"  ><p id='toggle-toggle-id-1' data-fake-id='#toggle-id-1' class='toggler  activeTitle av-title-above '  itemprop=\"headline\"  role='tab' tabindex='0' aria-controls='toggle-id-1' data-slide-speed=\"200\" data-title=\"Buts\" data-title-open=\"\" data-aria_collapsed=\"Cliquez pour \u00e9tendre : Buts\" data-aria_expanded=\"Cliquez pour r\u00e9duire : Buts\">Buts<span class=\"toggle_icon\"><span class=\"vert_icon\"><\/span><span class=\"hor_icon\"><\/span><\/span><\/p><div id='toggle-id-1' aria-labelledby='toggle-toggle-id-1' role='region' class='toggle_wrap  active_tc av-title-above' style='display:block;' ><div class='toggle_content invers-color '  itemprop=\"text\" ><p>Ce comit\u00e9 de recherche vise \u00e0 constituer un forum d\u2019\u00e9changes scientifiques entre des membres de la SSS, ouvert \u00e9galement \u00e0 d&rsquo;autres chercheurs\/chercheuses int\u00e9ress\u00e9-e-s, engag\u00e9s dans la recherche sociologique interpr\u00e9tative. En effet, il s&rsquo;av\u00e8re que les int\u00e9r\u00eats th\u00e9matiques permettent plus difficilement d&rsquo;instaurer un dialogue scientifique profond et d&rsquo;inspirer de nouveaux projets, que des convergences au niveau des paradigmes th\u00e9oriques et des m\u00e9thodes de recherche. Ces derni\u00e8res ann\u00e9es, un nombre toujours plus important de sociologues, tout aussi bien en Suisse qu&rsquo;\u00e0 l&rsquo;\u00e9tranger, ont adopt\u00e9 des variantes du \u00abparadigme interpr\u00e9tatif\u00bb et commenc\u00e9 \u00e0 utiliser de m\u00e9thodes \u00abinterpr\u00e9tatives\u00bb (ou \u00abqualitatives\u00bb). Jusqu&rsquo;\u00e0 pr\u00e9sent, il n&rsquo;existait pas de forum, en Suisse, favorisant l&rsquo;\u00e9change d&rsquo;exp\u00e9riences entre ces scientifiques.<\/p>\n<p>Le comit\u00e9 de recherche doit avant tout promouvoir l&rsquo;\u00e9change scientifique dans le domaine de la sociologie empirique de la connaissance et de la culture. Dans ce domaine, un \u00e9ventail d&rsquo;approches s&rsquo;est consolid\u00e9 ces derni\u00e8res ann\u00e9es, en rapport avec une herm\u00e9neutique en sciences sociales: la ph\u00e9nom\u00e9nologie, l&rsquo;ethnom\u00e9thodologie, l&rsquo;interactionnisme symbolique, l&rsquo;ethnographie, l&rsquo;analyse de conversation, l&rsquo;analyse narrative, l&rsquo;analyse des genres, l&rsquo;herm\u00e9neutique objective, l&rsquo;analyse des cadres interpr\u00e9tatifs, l&rsquo;analyse s\u00e9mantique ethnographique, l&rsquo;herm\u00e9neutique (historique) reconstructive, etc.<\/p>\n<h4>Le comit\u00e9 de recherche sociologies interpr\u00e9tatives vise en particulier \u00e0:<\/h4>\n\n<style type=\"text\/css\" data-created_by=\"avia_inline_auto\" id=\"style-css-av-av_hr-bd84104f09c397338597807ab31c6aca\">\n#top .hr.hr-invisible.av-av_hr-bd84104f09c397338597807ab31c6aca{\nheight:15px;\n}\n<\/style>\n<div  class='hr av-av_hr-bd84104f09c397338597807ab31c6aca hr-invisible  avia-builder-el-6  el_before_av_hr  avia-builder-el-first '><span class='hr-inner '><span class=\"hr-inner-style\"><\/span><\/span><\/div>\n<ul>\n<li>mettre en r\u00e9seau les scientifiques poursuivant une d\u00e9marche empirique herm\u00e9neutique en sciences sociales, et \u00e0 leur offrir un forum pour \u00e9changer \u00e0 propos de leurs exp\u00e9riences;<\/li>\n<\/ul>\n<ul>\n<li>accro\u00eetre l&rsquo;importance de la recherche interpr\u00e9tative en sciences sociales dans le domaine de la recherche fondamentale ainsi que dans les d\u00e9partements et dans les activit\u00e9s d&rsquo;\u00e9valuation de l&rsquo;administration publique.<\/li>\n<\/ul>\n<\/div><\/div><\/div><\/section>\n<section class='av_toggle_section av-av_toggle-1166a5a0e36ee2c4c5935c32dd046bf3'  itemscope=\"itemscope\" itemtype=\"https:\/\/schema.org\/CreativeWork\" ><div role=\"tablist\" class=\"single_toggle\" data-tags=\"{Tout} \"  ><p id='toggle-toggle-id-2' data-fake-id='#toggle-id-2' class='toggler  av-title-above '  itemprop=\"headline\"  role='tab' tabindex='0' aria-controls='toggle-id-2' data-slide-speed=\"200\" data-title=\"Adh\u00e9sion\" data-title-open=\"\" data-aria_collapsed=\"Cliquez pour \u00e9tendre : Adh\u00e9sion\" data-aria_expanded=\"Cliquez pour r\u00e9duire : Adh\u00e9sion\">Adh\u00e9sion<span class=\"toggle_icon\"><span class=\"vert_icon\"><\/span><span class=\"hor_icon\"><\/span><\/span><\/p><div id='toggle-id-2' aria-labelledby='toggle-toggle-id-2' role='region' class='toggle_wrap  av-title-above'  ><div class='toggle_content invers-color '  itemprop=\"text\" ><p>Toute personne concern\u00e9e par la th\u00e9matique et les objectifs du comit\u00e9 de recherche sociologies interpr\u00e9tatives est pri\u00e9e de s&rsquo;adresser \u00e0 une des personnes de contact dont les coordonn\u00e9es sont indiqu\u00e9es ci-dessous. Veuillez indiquer votre nom, adresse, num\u00e9ro de t\u00e9l\u00e9phone, num\u00e9ro de fax et adresse e-mail.<\/p>\n<\/div><\/div><\/div><\/section>\n<section class='av_toggle_section av-av_toggle-59ffa7f4ca97ddb1ce0da25968e51746'  itemscope=\"itemscope\" itemtype=\"https:\/\/schema.org\/CreativeWork\" ><div role=\"tablist\" class=\"single_toggle\" data-tags=\"{Tout} \"  ><p id='toggle-toggle-id-3' data-fake-id='#toggle-id-3' class='toggler  av-title-above '  itemprop=\"headline\"  role='tab' tabindex='0' aria-controls='toggle-id-3' data-slide-speed=\"200\" data-title=\"Coordonn\u00e9es\" data-title-open=\"\" data-aria_collapsed=\"Cliquez pour \u00e9tendre : Coordonn\u00e9es\" data-aria_expanded=\"Cliquez pour r\u00e9duire : Coordonn\u00e9es\">Coordonn\u00e9es<span class=\"toggle_icon\"><span class=\"vert_icon\"><\/span><span class=\"hor_icon\"><\/span><\/span><\/p><div id='toggle-id-3' aria-labelledby='toggle-toggle-id-3' role='region' class='toggle_wrap  av-title-above'  ><div class='toggle_content invers-color '  itemprop=\"text\" >\n<style type=\"text\/css\" data-created_by=\"avia_inline_auto\" id=\"style-css-av-av_hr-5ea7596238ed9f191e6b5e662093052f\">\n#top .hr.hr-invisible.av-av_hr-5ea7596238ed9f191e6b5e662093052f{\nheight:30px;\n}\n<\/style>\n<div  class='hr av-av_hr-5ea7596238ed9f191e6b5e662093052f hr-invisible  avia-builder-el-7  el_after_av_hr  el_before_av_hr '><span class='hr-inner '><span class=\"hr-inner-style\"><\/span><\/span><\/div>\n<h3>Florian Elliker<\/h3>\n<p>Universit\u00e9 de St-Gall<br \/>\nInstitut de sociologie (SfS-HSG)<br \/>\nTigerbergstrasse 2<br \/>\nCH-9000 St. Gall<\/p>\n<p><a href=\"mailto:interpretive@sgs-sss.ch\">interpretive@sgs-sss.ch<\/a><\/p>\n<p>T\u00e9l +41 71 224 29 32<br \/>\nFax +41 71 224 28 28<\/p>\n<\/div><\/div><\/div><\/section>\n<section class='av_toggle_section av-av_toggle-0b558e7c5b05e652df3d6091653434a7'  itemscope=\"itemscope\" itemtype=\"https:\/\/schema.org\/CreativeWork\" ><div role=\"tablist\" class=\"single_toggle\" data-tags=\"{Tout} \"  ><p id='toggle-toggle-id-4' data-fake-id='#toggle-id-4' class='toggler  av-title-above '  itemprop=\"headline\"  role='tab' tabindex='0' aria-controls='toggle-id-4' data-slide-speed=\"200\" data-title=\"Actualit\u00e9s\" data-title-open=\"\" data-aria_collapsed=\"Cliquez pour \u00e9tendre : Actualit\u00e9s\" data-aria_expanded=\"Cliquez pour r\u00e9duire : Actualit\u00e9s\">Actualit\u00e9s<span class=\"toggle_icon\"><span class=\"vert_icon\"><\/span><span class=\"hor_icon\"><\/span><\/span><\/p><div id='toggle-id-4' aria-labelledby='toggle-toggle-id-4' role='region' class='toggle_wrap  av-title-above'  ><div class='toggle_content invers-color '  itemprop=\"text\" >\n<style type=\"text\/css\" data-created_by=\"avia_inline_auto\" id=\"style-css-av-av_hr-5ea7596238ed9f191e6b5e662093052f\">\n#top .hr.hr-invisible.av-av_hr-5ea7596238ed9f191e6b5e662093052f{\nheight:30px;\n}\n<\/style>\n<div  class='hr av-av_hr-5ea7596238ed9f191e6b5e662093052f hr-invisible  avia-builder-el-8  el_after_av_hr  avia-builder-el-last '><span class='hr-inner '><span class=\"hr-inner-style\"><\/span><\/span><\/div>\n<ul>\n<li>La <strong>10th Conference of the International Institute for Ethnomethodology and Conversation Analysis<\/strong>a eu lieu \u00e0 l\u2019Universit\u00e9 de Fribourg (Suisse) du 11-14 juillet 2011. Site web de la conf\u00e9rence: <a href=\"http:\/\/www.iiemca-conference.org\"><u>http:\/\/www.iiemca-conference.org<\/u><\/a><\/li>\n<\/ul>\n<ul>\n<li><strong>Notre partenaire, le r\u00e9seau de recherche de l\u2019ESA 20 \u00abQualitative Methods\u00bb<\/strong>, accepte des abstracts pour la midterm conf\u00e9rence \u00abCuriosity and serendipity \u2013 a conference on qualitative methods in the social sciences\u00bb, qui se tiendra \u00e0 Lund, Su\u00e8de, du 20\u201321 septembre 2012. Site web de la conf\u00e9rence:\u00a0<a href=\"http:\/\/www.esamidterm2012.se\">http:\/\/www.esamidterm2012.se<\/a><\/li>\n<\/ul>\n<ul>\n<li>Les pr\u00e9paratifs pour le <strong>\u00abFestival Suisse des m\u00e9thodes\u00bb<\/strong> de 2013 sont en cours.<\/li>\n<\/ul>\n<ul>\n<li><a href=\"https:\/\/www.sgs-sss.ch\/wp-content\/uploads\/2016\/04\/JahresBericht2011.pdf\">Rapport annuel 2011<\/a><\/li>\n<\/ul>\n<\/div><\/div><\/div><\/section>\n<\/div><\/p><\/div><\/div><!--close column table wrapper. Autoclose: 1 -->\n","protected":false},"excerpt":{"rendered":"","protected":false},"author":1,"featured_media":0,"parent":655,"menu_order":0,"comment_status":"closed","ping_status":"closed","template":"","meta":{"footnotes":""},"class_list":["post-645","page","type-page","status-publish","hentry"],"_links":{"self":[{"href":"https:\/\/www.sgs-sss.ch\/fr\/wp-json\/wp\/v2\/pages\/645","targetHints":{"allow":["GET"]}}],"collection":[{"href":"https:\/\/www.sgs-sss.ch\/fr\/wp-json\/wp\/v2\/pages"}],"about":[{"href":"https:\/\/www.sgs-sss.ch\/fr\/wp-json\/wp\/v2\/types\/page"}],"author":[{"embeddable":true,"href":"https:\/\/www.sgs-sss.ch\/fr\/wp-json\/wp\/v2\/users\/1"}],"replies":[{"embeddable":true,"href":"https:\/\/www.sgs-sss.ch\/fr\/wp-json\/wp\/v2\/comments?post=645"}],"version-history":[{"count":4,"href":"https:\/\/www.sgs-sss.ch\/fr\/wp-json\/wp\/v2\/pages\/645\/revisions"}],"predecessor-version":[{"id":13242,"href":"https:\/\/www.sgs-sss.ch\/fr\/wp-json\/wp\/v2\/pages\/645\/revisions\/13242"}],"up":[{"embeddable":true,"href":"https:\/\/www.sgs-sss.ch\/fr\/wp-json\/wp\/v2\/pages\/655"}],"wp:attachment":[{"href":"https:\/\/www.sgs-sss.ch\/fr\/wp-json\/wp\/v2\/media?parent=645"}],"curies":[{"name":"wp","href":"https:\/\/api.w.org\/{rel}","templated":true}]}}