{"id":9447,"date":"2018-10-31T16:43:37","date_gmt":"2018-10-31T15:43:37","guid":{"rendered":"https:\/\/www.sgs-sss.ch\/?page_id=9447"},"modified":"2024-11-20T14:30:21","modified_gmt":"2024-11-20T13:30:21","slug":"neuchatel-2019","status":"publish","type":"page","link":"https:\/\/www.sgs-sss.ch\/fr\/la-societe\/congres\/neuchatel-2019\/","title":{"rendered":"Congr\u00e8s \u00e0 Neuch\u00e2tel 2019"},"content":{"rendered":"\n<style type=\"text\/css\" data-created_by=\"avia_inline_auto\" id=\"style-css-av-a4feyf-0f28d19440d6a031481f9379c10d8422\">\n.avia-section.av-a4feyf-0f28d19440d6a031481f9379c10d8422{\nbackground-color:#ffffff;\nbackground-image:unset;\n}\n<\/style>\n<div id='av_section_1'  class='avia-section av-a4feyf-0f28d19440d6a031481f9379c10d8422 main_color avia-section-default avia-no-shadow  avia-builder-el-0  avia-builder-el-no-sibling  avia-bg-style-scroll container_wrap fullsize'  ><div class='container av-section-cont-open' ><main  role=\"main\" itemprop=\"mainContentOfPage\"  class='template-page content  av-content-full alpha units'><div class='post-entry post-entry-type-page post-entry-9447'><div class='entry-content-wrapper clearfix'>\n\n<style type=\"text\/css\" data-created_by=\"avia_inline_auto\" id=\"style-css-av-8jbaw7-4c1b257b6077fee6161c2fbf89e245c4\">\n#top .av-special-heading.av-8jbaw7-4c1b257b6077fee6161c2fbf89e245c4{\npadding-bottom:25px;\n}\nbody .av-special-heading.av-8jbaw7-4c1b257b6077fee6161c2fbf89e245c4 .av-special-heading-tag .heading-char{\nfont-size:25px;\n}\n.av-special-heading.av-8jbaw7-4c1b257b6077fee6161c2fbf89e245c4 .av-subheading{\nfont-size:15px;\n}\n<\/style>\n<div  class='av-special-heading av-8jbaw7-4c1b257b6077fee6161c2fbf89e245c4 av-special-heading-h2  avia-builder-el-1  el_before_av_one_fourth  avia-builder-el-first '><h2 class='av-special-heading-tag '  itemprop=\"headline\"  >Neuch\u00e2tel 2019<\/h2><div class=\"special-heading-border\"><div class=\"special-heading-inner-border\"><\/div><\/div><\/div>\n<div class='flex_column_table av-qmhqv-f84b92b9b0931d13658255b950c6d80b sc-av_one_fourth av-equal-height-column-flextable'>\n<style type=\"text\/css\" data-created_by=\"avia_inline_auto\" id=\"style-css-av-qmhqv-f84b92b9b0931d13658255b950c6d80b\">\n.flex_column.av-qmhqv-f84b92b9b0931d13658255b950c6d80b{\nborder-radius:0px 0px 0px 0px;\npadding:20px 0px 0px 0px;\n}\n<\/style>\n<div  class='flex_column av-qmhqv-f84b92b9b0931d13658255b950c6d80b av_one_fourth  avia-builder-el-2  el_after_av_heading  el_before_av_three_fourth  first flex_column_table_cell av-equal-height-column av-align-top  '     ><style type=\"text\/css\" data-created_by=\"avia_inline_auto\" id=\"style-css-av-6jsppj-81d06acc509032a44d7768d9c156af57\">\n.avia-image-container.av-6jsppj-81d06acc509032a44d7768d9c156af57 img.avia_image{\nbox-shadow:none;\n}\n.avia-image-container.av-6jsppj-81d06acc509032a44d7768d9c156af57 .av-image-caption-overlay-center{\ncolor:#ffffff;\n}\n<\/style>\n<div  class='avia-image-container av-6jsppj-81d06acc509032a44d7768d9c156af57 av-styling- av-img-linked avia-align-center  avia-builder-el-3  avia-builder-el-no-sibling '   itemprop=\"image\" itemscope=\"itemscope\" itemtype=\"https:\/\/schema.org\/ImageObject\" ><div class=\"avia-image-container-inner\"><div class=\"avia-image-overlay-wrap\"><a href=\"https:\/\/www.sgs-sss.ch\/wp-content\/uploads\/2016\/10\/affiche.pdf\" class='avia_image '  target=\"_blank\"  rel=\"noopener noreferrer\" aria-label='LogoAffiche'><img decoding=\"async\" fetchpriority=\"high\" class='wp-image-12523 avia-img-lazy-loading-not-12523 avia_image ' src=\"https:\/\/www.sgs-sss.ch\/wp-content\/uploads\/2018\/10\/LogoAffiche.jpg\" alt='' title='LogoAffiche'  height=\"254\" width=\"180\"  itemprop=\"thumbnailUrl\"  \/><\/a><\/div><\/div><\/div><\/div><div class='av-flex-placeholder'><\/div>\n<style type=\"text\/css\" data-created_by=\"avia_inline_auto\" id=\"style-css-av-49aoev-ff5609fefdf30b103beb49130c68dd35\">\n.flex_column.av-49aoev-ff5609fefdf30b103beb49130c68dd35{\nborder-radius:0px 0px 0px 0px;\npadding:20px 20px 20px 20px;\n}\n<\/style>\n<div  class='flex_column av-49aoev-ff5609fefdf30b103beb49130c68dd35 av_three_fourth  avia-builder-el-4  el_after_av_one_fourth  el_before_av_toggle_container  flex_column_table_cell av-equal-height-column av-align-top  '     ><section  class='av_textblock_section av-m3pwr8s9-a82ecf4661e13ea936d47b76132172b5 '   itemscope=\"itemscope\" itemtype=\"https:\/\/schema.org\/CreativeWork\" ><div class='avia_textblock'  itemprop=\"text\" ><blockquote>\n<h3>Congr\u00e8s de la Soci\u00e9t\u00e9 Suisse de Sociologie 2019:<\/h3>\n<p><strong>Th\u00e8me:<\/strong> Le futur du travail<\/p>\n<p><strong>Date:<\/strong> 10-12 september 2019<\/p>\n<p><strong>Lieu:<\/strong> Universit\u00e9 de Neuch\u00e2tel<\/p>\n<p><strong>Guest Speaker:<\/strong><\/p>\n<p>\u00bb David Brady<br \/>\n\u00bb Craig Calhoun<br \/>\n\u00bb Noortje Marres<br \/>\n\u00bb Dominique M\u00e9da<br \/>\n\u00bb Heike Solga<\/p>\n<p><a href=\"https:\/\/www.sgs-sss.ch\/wp-content\/uploads\/2024\/11\/2019_SSA_Congress_FinalPro.pdf\">PROGRAMME DU CONGR\u00c8S<\/a><\/p>\n<\/blockquote>\n<\/div><\/section><\/div><\/div><!--close column table wrapper. Autoclose: 1 --><div  class='togglecontainer av-m3pwyo09-e46a2cf3efe5166801c0b261cca0c08e  avia-builder-el-6  el_after_av_three_fourth  el_before_av_hr  toggle_close_all' >\n<section class='av_toggle_section av-m3pwyla3-264c1ac0a9e1ae3ed7f0461043af5f29'  itemscope=\"itemscope\" itemtype=\"https:\/\/schema.org\/CreativeWork\" ><div role=\"tablist\" class=\"single_toggle\" data-tags=\"{Tout} \"  ><p id='toggle-toggle-id-1' data-fake-id='#toggle-id-1' class='toggler  av-title-above '  itemprop=\"headline\"  role='tab' tabindex='0' aria-controls='toggle-id-1' data-slide-speed=\"200\" data-title=\"Th\u00e8me du congr\u00e8s\" data-title-open=\"\" data-aria_collapsed=\"Cliquez pour \u00e9tendre : Th\u00e8me du congr\u00e8s\" data-aria_expanded=\"Cliquez pour r\u00e9duire : Th\u00e8me du congr\u00e8s\">Th\u00e8me du congr\u00e8s<span class=\"toggle_icon\"><span class=\"vert_icon\"><\/span><span class=\"hor_icon\"><\/span><\/span><\/p><div id='toggle-id-1' aria-labelledby='toggle-toggle-id-1' role='region' class='toggle_wrap  av-title-above'  ><div class='toggle_content invers-color '  itemprop=\"text\" ><p>Pour la plupart d&rsquo;entre nous, le travail est la principale source de revenu et de statut. Notre travail d\u00e9finit qui nous sommes pour nous-m\u00eames et pour les autres. Mais le monde du travail est en pleine transformation et ses formes nouvelles soul\u00e8vent de nombreuses questions d\u2019ordre social et politique.<\/p>\n<p>Depuis les ann\u00e9es 1970, le secteur des services emploie une part plus importante de la main d\u2019oeuvre que le secteur manufacturier dans les \u00e9conomies avanc\u00e9es. Parall\u00e8lement, le nombre de femmes dans la population active a augment\u00e9 de fa\u00e7on spectaculaire, mais les in\u00e9galit\u00e9s de genre persistent en ce qui concerne l\u2019embauche, la r\u00e9mun\u00e9ration, les promotions et le traitement subi sur le lieu de travail. D\u2019autre part, les avanc\u00e9es technologiques, notamment dans le secteur des technologies de l&rsquo;information et dans les biosciences, remod\u00e8lent les activit\u00e9s productives et la demande de comp\u00e9tences sur le march\u00e9 du travail. Le capital-risque, les start-ups et les plateformes en ligne repr\u00e9sentent de plus en plus le moteur de l&rsquo;activit\u00e9 \u00e9conomique et de l&rsquo;innovation.<\/p>\n<p>Ce contexte cr\u00e9e de nouvelles opportunit\u00e9s pour les entrepreneurs et les professionnels cr\u00e9atifs, qui b\u00e9n\u00e9ficient d&rsquo;horaires flexibles et d&rsquo;une mobilit\u00e9 accrue. L\u2019innovation technologique permet aussi aux travailleurs non-qualifi\u00e9s d\u2019avoir acc\u00e8s \u00e0 d\u2019autres sources de revenu, telle que Uber. Mais la robotisation et l&rsquo;automatisation, associ\u00e9es \u00e0 la mondialisation \u00e9conomique, entra\u00eenent la disparition progressive des emplois traditionnels de la classe ouvri\u00e8re dans les pays riches. De plus, la stabilit\u00e9 de l&#8217;emploi est compromise par la financiarisation de l&rsquo;\u00e9conomie, qui a \u00e9galement un impact sur les in\u00e9galit\u00e9s sociales. L\u2019emploi dit atypique (non-standard), qui englobe les contrats de travail pr\u00e9caire, le travail \u00e0 temps partiel non-voulu et l\u2019int\u00e9rim, a remplac\u00e9 dans de nombreux secteurs les emplois bien r\u00e9mun\u00e9r\u00e9s, stables et de longue dur\u00e9e. Dans le sillage de la r\u00e9volution num\u00e9rique, la fronti\u00e8re m\u00eame entre travail et loisir devient parfois floue.<\/p>\n<p>Ces changements ont un impact sur toutes les formes d&rsquo;organisation sociale, des familles et m\u00e9nages aux quartiers et villes, r\u00e9seaux locaux et transnationaux, mouvements sociaux et ONGs, h\u00f4pitaux et autres prestataires de soins, administrations publiques et syst\u00e8mes politiques. Pour les sciences sociales, il s\u2019agit de faire sens des transformations en cours. Comment les exigences de mobilit\u00e9 g\u00e9ographique et de disponibilit\u00e9 permanente de travailleurs qualifi\u00e9s affectent-elles la vie de famille et de couple? L\u2019incertitude quant \u00e0 l\u2019emploi et le revenu perturbe-t-elle les strat\u00e9gies traditionnelles de formation et de reproduction des m\u00e9nages? Quels probl\u00e8mes de sant\u00e9 physique et mentale r\u00e9sultent de la pr\u00e9carit\u00e9 ? Et quelles comp\u00e9tences les \u00e9coles devraient-elles enseigner pour former la prochaine g\u00e9n\u00e9ration de travailleurs? Par exemple, l\u2019utilisation de technologies digitales dans l\u2019\u00e9ducation primaire devrait-elle \u00eatre une priorit\u00e9?<span class=\"Apple-converted-space\">\u00a0<\/span><\/p>\n<p>Ces questions s\u2019av\u00e8rent d\u2019autant plus urgentes que les d\u00e9cideurs politiques semblent mal \u00e9quip\u00e9s pour faire face aux d\u00e9fis de soci\u00e9t\u00e9 d\u00e9coulant de la transformation du monde du travail. En effet, l\u2019expansion du travail atypique soul\u00e8ve de nouveaux probl\u00e8mes r\u00e9glementaires concernant les droits des travailleurs, les obligations des employeurs et le r\u00f4le de l&rsquo;\u00c9tat. Par ailleurs, des segments importants de la population active n\u2019ont plus d\u2019ancrage territorial (par exemple, avec le t\u00e9l\u00e9travail) et \u00e9chappent de ce fait aux r\u00e9glementations nationales. Les syst\u00e8mes de protection sociale doivent \u00e9galement s&rsquo;adapter pour prot\u00e9ger les groupes vuln\u00e9rables, tels que les personnes handicap\u00e9es, les personnes \u00e2g\u00e9es et les personnes sous-employ\u00e9es. Enfin, des mesures pour pr\u00e9server des postes de travail dans le secteur manufacturier, tels que les barri\u00e8res protectionnistes impos\u00e9es par Donald Trump, cr\u00e9ent des tensions g\u00e9opolitiques dans un monde o\u00f9 les \u00c9tats-nations voient leur pouvoir s\u2019affaiblir au profit des multinationales.<\/p>\n<p>En choisissant \u00ab L\u2019avenir du travail \u00bb pour th\u00e8me de son prochain congr\u00e8s, la Soci\u00e9t\u00e9 Suisse de Sociologie invite ainsi la communaut\u00e9 universitaire helv\u00e9tique et internationale \u00e0 r\u00e9fl\u00e9chir aux changements qui affectent non seulement le monde du travail et la sph\u00e8re \u00e9conomique mais la soci\u00e9t\u00e9 dans son ensemble. En tant que discipline, la sociologie dispose d&rsquo;une vaste gamme d&rsquo;outils interpr\u00e9tatifs et m\u00e9thodologiques, et elle a la vocation \u00e0 d\u00e9velopper de nouveaux concepts, perspectives, mesures et indicateurs pour mieux saisir les r\u00e9alit\u00e9s changeantes du monde du travail. Sa capacit\u00e9 \u00e0 relever ce d\u00e9fi d\u00e9finira la place des sociologues et de leur travail dans le monde de demain.<\/p>\n<\/div><\/div><\/div><\/section>\n<section class='av_toggle_section av-1zzxrb-10718ba6f47cd7a97fc597c2d63b8129'  itemscope=\"itemscope\" itemtype=\"https:\/\/schema.org\/CreativeWork\" ><div role=\"tablist\" class=\"single_toggle\" data-tags=\"{Tout} \"  ><p id='toggle-toggle-id-2' data-fake-id='#toggle-id-2' class='toggler  av-title-above '  itemprop=\"headline\"  role='tab' tabindex='0' aria-controls='toggle-id-2' data-slide-speed=\"200\" data-title=\"Guest Speakers\" data-title-open=\"\" data-aria_collapsed=\"Cliquez pour \u00e9tendre : Guest Speakers\" data-aria_expanded=\"Cliquez pour r\u00e9duire : Guest Speakers\">Guest Speakers<span class=\"toggle_icon\"><span class=\"vert_icon\"><\/span><span class=\"hor_icon\"><\/span><\/span><\/p><div id='toggle-id-2' aria-labelledby='toggle-toggle-id-2' role='region' class='toggle_wrap  av-title-above'  ><div class='toggle_content invers-color '  itemprop=\"text\" ><p><strong>David Brady<\/strong>, University of California at Riverside<\/p>\n<p>David Brady is Professor of Public Policy and Director of the Blum Initiative on Global and Regional Poverty at UC Riverside. He is also a Fellow at the WZB Berlin Social Science Center. He received his Ph.D. in Sociology and Public Affairs from Indiana University, and his B.A. in Sociology from the University of Minnesota. His articles have won awards from the American Sociological Association, The Society for the Study of Economic Inequality, the Foundation for International Studies on Social Security, and the European Academy of Sociology. He is the author of Rich Democracies, Poor People and co-editor of The Oxford Handbook of the Social Science of Poverty. His research currently focuses on (1) the measurement and causes of poverty; (2) comparative social policy; (3) the effects of very long term economic resources for racial and health inequalities; and (4) the political consequences of rising immigration and racial\/ethnic heterogeneity.<\/p>\n<p><strong>Craig Calhoun<\/strong>, Arizona State University and London School of Economics<\/p>\n<p>Craig Calhoun is University Professor of Social Sciences at Arizona State University. Previously, he was Director of the London School of Economics and Political Science (LSE), President of the Social Science Research Council (SSRC), and a professor at NYU (where he founded the Institute for Public Knowledge), Columbia, and UNC-Chapel Hill (where he founded the University Center for International Studies and served as Dean). He is also President of the International Institute of Sociology and was the first President of the Berggruen Institute. Calhoun\u2019s books include Roots of Radicalism, Critical Social Theory, and Does Capitalism Have a Future? (with Immanuel Wallerstein, Randall Collins, Georgi Derluguian, and Michael Mann). The Degeneration of Democracy (with Charles Taylor and Dilip Gaonkar) will be published by Harvard University Press in 2020. Why Sociology Matters will be published by Polity in 2020. More detail can be found at https:\/\/spgs.clas. asu.edu\/content\/craig-calhoun.<\/p>\n<p><strong>Noortje Marres<\/strong>, University of Warwick<\/p>\n<p>Professor Noortje Marres is Director of the Centre for Interdisciplinary Methodologies at the University of Warwick. She is an interdisciplinary sociologist who investigates issues at the intersection of innovation, everyday environments and public life: participation in technological societies; societal testing of intelligent technology; the changing relations between social life and social science in a digital age. Noortje also contributes to methodology development, in the area of issue mapping (www.issuemapping.net). She studied sociology and philosophy of science and technology at the University of Amsterdam and is currently a Visiting Professor in the Centre for Science and Technology Studies at the University of Leiden (the Netherlands). Her first book, Material Participation (Palgrave) came out in paperback in 2015 and her second, Digital Sociology (Polity) was published in 2017. Together with Michael Guggenheim and Alex Wilkie, she edited Inventing the Social (Mattering Press, 2018). More info at www.noortjemarres.net.<\/p>\n<p><strong>Dominique M\u00e9da<\/strong>, Universit\u00e9 Paris II Dauphine<\/p>\n<p>Dominique M\u00e9da is Professor of Sociology at the Universit\u00e9 Paris Dauphine\/PSL and Director of the Institut de Recherche Interdisciplinaire en Sciences Sociales (IRISSO). She also holds the chair \u00ab Reconversion \u00e9cologique, Travail, Emploi, Politiques sociales \u00bb at the Coll\u00e8ge d\u2019Etudes Mondiales (FMSH). An alumn of the Ecole Normale Sup\u00e9rieure and the Ecole Nationale d\u2019Administration, she holds an agr\u00e9gation in philosophy. Dominique M\u00e9da specializes in labor issues and social policies. She has published or co-published several volumes on (1) the transformation of work\u2014Le Travail. Une valeur en voie de disparition (1995) and R\u00e9inventer le Travail with Patricia Vendramin (2013)\u2014(2) growth and wealth indicators\u2014Qu\u2019est-ce que la richesse ? (1998), La Mystique de la croissance. Comment s\u2019en lib\u00e9rer (2013) and Vers une soci\u00e9t\u00e9 post-croissance with Florence Jany-Catrice (2016)\u2014and (3) gender equality\u2014Le Temps des femmes. Pour un nouveau partage des r\u00f4les (2001) and Le deuxi\u00e8me \u00e2ge de l\u2019\u00e9mancipation with H\u00e9l\u00e8ne P\u00e9rivier (2007).<\/p>\n<p><strong>Heike Solga<\/strong>, Berlin Social Science Center (WZB)<\/p>\n<p>Heike Solga is director of the research department \u201cSkill Formation and Labor market\u201d at the WZB \u2013 Berlin Social Science Center and professor for sociology at the Freie Universit\u00e4t Berlin. Her research interests are sociology of education, labor market research, and life course research. She is involved in the German National Education Panel Study (NEPS). She was co-editor of the K\u00f6lner Zeitschrift f\u00fcr Soziologie und Sozialpsychologie (2005-2014). She has published numerous peer-reviewed journal articles and several books, among them are: Skill Formation \u2013 Interdisciplinary and Cross- National Perspectives\u201d (Cambridge University Press, 2008, edited together with Karl Ulrich Mayer), School-to-Work Transitions across Time and Place: Patterns, Socioeconomic Achievement, and Parenthood (Special Issue \u201cResearch in Social Stratification and Mobility\u201d, 2016, edited together with Marlis Buchmann) or \u201cEducation as social policy: Institutions, public support and outcomes over the life course\u201d (Special Issue \u201cJournal of European Social Policy\u201d, 2017, together with Valentina Di Stasio).<\/p>\n<\/div><\/div><\/div><\/section>\n<section class='av_toggle_section av-m3px3w61-5a032d452409cfd9c8b90c25ec0dc2c5'  itemscope=\"itemscope\" itemtype=\"https:\/\/schema.org\/CreativeWork\" ><div role=\"tablist\" class=\"single_toggle\" data-tags=\"{Tout} \"  ><p id='toggle-toggle-id-3' data-fake-id='#toggle-id-3' class='toggler  av-title-above '  itemprop=\"headline\"  role='tab' tabindex='0' aria-controls='toggle-id-3' data-slide-speed=\"200\" data-title=\"Book of Abstracts\" data-title-open=\"\" data-aria_collapsed=\"Cliquez pour \u00e9tendre : Book of Abstracts\" data-aria_expanded=\"Cliquez pour r\u00e9duire : Book of Abstracts\">Book of Abstracts<span class=\"toggle_icon\"><span class=\"vert_icon\"><\/span><span class=\"hor_icon\"><\/span><\/span><\/p><div id='toggle-id-3' aria-labelledby='toggle-toggle-id-3' role='region' class='toggle_wrap  av-title-above'  ><div class='toggle_content invers-color '  itemprop=\"text\" ><p>Le Book of Abstracts est disponible <a href=\"https:\/\/www.sgs-sss.ch\/wp-content\/uploads\/2024\/11\/Book_of_Abstracts_Final_Sept_6.pdf\">ici<\/a>.<\/p>\n<\/div><\/div><\/div><\/section>\n<section class='av_toggle_section av-m3px6gu5-8e74775982642addced0ed5d89bc6416'  itemscope=\"itemscope\" itemtype=\"https:\/\/schema.org\/CreativeWork\" ><div role=\"tablist\" class=\"single_toggle\" data-tags=\"{Tout} \"  ><p id='toggle-toggle-id-4' data-fake-id='#toggle-id-4' class='toggler  av-title-above '  itemprop=\"headline\"  role='tab' tabindex='0' aria-controls='toggle-id-4' data-slide-speed=\"200\" data-title=\"Panel Discussion\" data-title-open=\"\" data-aria_collapsed=\"Cliquez pour \u00e9tendre : Panel Discussion\" data-aria_expanded=\"Cliquez pour r\u00e9duire : Panel Discussion\">Panel Discussion<span class=\"toggle_icon\"><span class=\"vert_icon\"><\/span><span class=\"hor_icon\"><\/span><\/span><\/p><div id='toggle-id-4' aria-labelledby='toggle-toggle-id-4' role='region' class='toggle_wrap  av-title-above'  ><div class='toggle_content invers-color '  itemprop=\"text\" ><p>Panel Discussion with Craig Calhoun and Noortje Marrens on the Future Sociology<\/p>\n<p>Vous pouvez acc\u00e9der \u00e0 l&rsquo;enregistrement <a href=\"https:\/\/www.youtube.com\/watch?v=ZPPOuuC1G3A\">ici<\/a>.<\/p>\n<\/div><\/div><\/div><\/section>\n<\/div>\n\n<style type=\"text\/css\" data-created_by=\"avia_inline_auto\" id=\"style-css-av-30yqpj-dead6d521b74941db4c3c82e8b3adb29\">\n#top .hr.hr-invisible.av-30yqpj-dead6d521b74941db4c3c82e8b3adb29{\nheight:50px;\n}\n<\/style>\n<div  class='hr av-30yqpj-dead6d521b74941db4c3c82e8b3adb29 hr-invisible  avia-builder-el-7  el_after_av_toggle_container  avia-builder-el-last '><span class='hr-inner '><span class=\"hr-inner-style\"><\/span><\/span><\/div>\n\n","protected":false},"excerpt":{"rendered":"","protected":false},"author":71,"featured_media":0,"parent":578,"menu_order":2,"comment_status":"closed","ping_status":"closed","template":"","meta":{"footnotes":""},"class_list":["post-9447","page","type-page","status-publish","hentry"],"_links":{"self":[{"href":"https:\/\/www.sgs-sss.ch\/fr\/wp-json\/wp\/v2\/pages\/9447","targetHints":{"allow":["GET"]}}],"collection":[{"href":"https:\/\/www.sgs-sss.ch\/fr\/wp-json\/wp\/v2\/pages"}],"about":[{"href":"https:\/\/www.sgs-sss.ch\/fr\/wp-json\/wp\/v2\/types\/page"}],"author":[{"embeddable":true,"href":"https:\/\/www.sgs-sss.ch\/fr\/wp-json\/wp\/v2\/users\/71"}],"replies":[{"embeddable":true,"href":"https:\/\/www.sgs-sss.ch\/fr\/wp-json\/wp\/v2\/comments?post=9447"}],"version-history":[{"count":11,"href":"https:\/\/www.sgs-sss.ch\/fr\/wp-json\/wp\/v2\/pages\/9447\/revisions"}],"predecessor-version":[{"id":21151,"href":"https:\/\/www.sgs-sss.ch\/fr\/wp-json\/wp\/v2\/pages\/9447\/revisions\/21151"}],"up":[{"embeddable":true,"href":"https:\/\/www.sgs-sss.ch\/fr\/wp-json\/wp\/v2\/pages\/578"}],"wp:attachment":[{"href":"https:\/\/www.sgs-sss.ch\/fr\/wp-json\/wp\/v2\/media?parent=9447"}],"curies":[{"name":"wp","href":"https:\/\/api.w.org\/{rel}","templated":true}]}}